{"id":6,"date":"2020-04-07T17:23:43","date_gmt":"2020-04-07T17:23:43","guid":{"rendered":"https:\/\/claro.fi\/en\/?page_id=6"},"modified":"2020-05-27T17:01:58","modified_gmt":"2020-05-27T14:01:58","slug":"etusivu","status":"publish","type":"page","link":"https:\/\/claro.fi\/en\/","title":{"rendered":"Etusivu"},"content":{"rendered":"\n<div style=\"height:120px\" aria-hidden=\"true\" class=\"wp-block-spacer\"><\/div>\n\n\n\n<div class=\"wp-block-group ticss-97cca39e\"><div class=\"wp-block-group__inner-container is-layout-flow wp-block-group-is-layout-flow\">\n<h2 class=\"has-text-align-right wp-block-heading\">Tomorrow&#8217;s <span style=\"color: #5a7998;\">Leadership<\/span><\/h2>\n<\/div><\/div>\n\n\n\n<div class=\"wp-block-group ticss-2fe529b7 claro-container\"><div class=\"wp-block-group__inner-container is-layout-flow wp-block-group-is-layout-flow\">\n<div class=\"wp-block-columns row is-layout-flex wp-container-core-columns-is-layout-9d6595d7 wp-block-columns-is-layout-flex\">\n<div class=\"wp-block-column col-md-3 ml-0 is-layout-flow wp-block-column-is-layout-flow\">\n<h3 class=\"ticss-47f89759 wp-block-heading\">C larity<\/h3>\n<\/div>\n\n\n\n<div class=\"wp-block-column col-md-3 ml-0 ticss-cdfa631f is-layout-flow wp-block-column-is-layout-flow\">\n<p>-Lucidity and simplicity<\/p>\n<\/div>\n\n\n\n<div class=\"wp-block-column col-md-4 ml-0 ticss-823c60e5 is-layout-flow wp-block-column-is-layout-flow\">\n<p>Is your or your Excutive team\u00b4s vision clear enough?<\/p>\n<\/div>\n\n\n\n<div class=\"wp-block-column col-md-2 ml-0 ticss-823c60e5 teksti-oikeelle is-layout-flow wp-block-column-is-layout-flow\">\n<p class=\"has-text-color has-very-dark-gray-color claro-pieni-painike ticss-19818e40\"><a href=\"https:\/\/claro.fi\/en\/claro-tools\/claro-coaching\/\">Read more<\/a><\/p>\n<\/div>\n<\/div>\n\n\n\n<div class=\"wp-block-columns row is-layout-flex wp-container-core-columns-is-layout-9d6595d7 wp-block-columns-is-layout-flex\">\n<div class=\"wp-block-column col-md-3 ml-0 is-layout-flow wp-block-column-is-layout-flow\">\n<h3 class=\"ticss-47f89759 wp-block-heading\">L eadership<\/h3>\n<\/div>\n\n\n\n<div class=\"wp-block-column col-md-3 ml-0 ticss-cdfa631f is-layout-flow wp-block-column-is-layout-flow\">\n<p>-Inspiring leadership<\/p>\n<\/div>\n\n\n\n<div class=\"wp-block-column col-md-4 ml-0 ticss-823c60e5 is-layout-flow wp-block-column-is-layout-flow\">\n<p class=\"has-text-color has-very-dark-gray-color claro-pieni-painike ticss-26cb8ecf\">Are you getting the best out of your Executive team?<\/p>\n<\/div>\n\n\n\n<div class=\"wp-block-column col-md-2 ml-0 ticss-040fb7e2 teksti-oikeelle is-layout-flow wp-block-column-is-layout-flow\">\n<p class=\"has-text-color has-very-dark-gray-color claro-pieni-painike\"><a href=\"https:\/\/claro.fi\/en\/claro-tools\/clarometric-management-team\/\">Read more<\/a><\/p>\n<\/div>\n<\/div>\n\n\n\n<div class=\"wp-block-columns row is-layout-flex wp-container-core-columns-is-layout-9d6595d7 wp-block-columns-is-layout-flex\">\n<div class=\"wp-block-column col-md-3 ml-0 is-layout-flow wp-block-column-is-layout-flow\">\n<h3 class=\"ticss-47f89759 wp-block-heading\">A ttitude<\/h3>\n<\/div>\n\n\n\n<div class=\"wp-block-column col-md-3 ml-0 ticss-cdfa631f is-layout-flow wp-block-column-is-layout-flow\">\n<p>-Right attitude and valuing and utilizing diversity<\/p>\n<\/div>\n\n\n\n<div class=\"wp-block-column col-md-4 ml-0 ticss-823c60e5 is-layout-flow wp-block-column-is-layout-flow\">\n<p class=\"has-text-color has-very-dark-gray-color claro-pieni-painike ticss-5d495d0a\">Do you have the right people&nbsp;in&nbsp;the right place?<\/p>\n<\/div>\n\n\n\n<div class=\"wp-block-column col-md-2 ml-0 ticss-0605044c teksti-oikeelle is-layout-flow wp-block-column-is-layout-flow\">\n<p class=\"has-text-color has-very-dark-gray-color claro-pieni-painike\"><a href=\"https:\/\/claro.fi\/en\/big-5-certification\/\">Read more<\/a><\/p>\n<\/div>\n<\/div>\n\n\n\n<div class=\"wp-block-columns row is-layout-flex wp-container-core-columns-is-layout-9d6595d7 wp-block-columns-is-layout-flex\">\n<div class=\"wp-block-column col-md-3 ml-0 is-layout-flow wp-block-column-is-layout-flow\">\n<h3 class=\"ticss-47f89759 wp-block-heading\">R esults<\/h3>\n<\/div>\n\n\n\n<div class=\"wp-block-column col-md-3 ml-0 ticss-cdfa631f is-layout-flow wp-block-column-is-layout-flow\">\n<p>-Measurable results and genuine change<\/p>\n<\/div>\n\n\n\n<div class=\"wp-block-column col-md-4 ml-0 ticss-823c60e5 is-layout-flow wp-block-column-is-layout-flow\">\n<p class=\"has-text-color has-very-dark-gray-color claro-pieni-painike ticss-9eb9a4bc\">Do you measure leadership and management team work?<\/p>\n<\/div>\n\n\n\n<div class=\"wp-block-column col-md-2 ml-0 ticss-8f4a4a00 teksti-oikeelle is-layout-flow wp-block-column-is-layout-flow\">\n<p class=\"has-text-color has-very-dark-gray-color claro-pieni-painike\"><a href=\"https:\/\/claro.fi\/en\/claro-tools\/\">Read more<\/a><\/p>\n<\/div>\n<\/div>\n\n\n\n<div class=\"wp-block-columns row is-layout-flex wp-container-core-columns-is-layout-9d6595d7 wp-block-columns-is-layout-flex\">\n<div class=\"wp-block-column col-md-3 ml-0 is-layout-flow wp-block-column-is-layout-flow\">\n<h3 class=\"ticss-47f89759 wp-block-heading\">O pportunities<\/h3>\n<\/div>\n\n\n\n<div class=\"wp-block-column col-md-3 ml-0 ticss-cdfa631f is-layout-flow wp-block-column-is-layout-flow\">\n<p>-Emotional intelligence is key to successful leadership<\/p>\n<\/div>\n\n\n\n<div class=\"wp-block-column col-md-4 ml-0 ticss-823c60e5 is-layout-flow wp-block-column-is-layout-flow\">\n<p class=\"has-text-color has-very-dark-gray-color claro-pieni-painike ticss-624d1c95\">What are the WOW factors of your organization?<\/p>\n<\/div>\n\n\n\n<div class=\"wp-block-column col-md-2 ml-0 ticss-aa37d1a0 teksti-oikeelle is-layout-flow wp-block-column-is-layout-flow\">\n<p class=\"has-text-color has-very-dark-gray-color claro-pieni-painike\"><a href=\"https:\/\/claro.fi\/en\/claro-tools\/claro-emotions\/\">Read more<\/a><\/p>\n<\/div>\n<\/div>\n<\/div><\/div>\n\n\n\n<p><\/p>\n\n\n\n<div class=\"wp-block-group\"><div class=\"wp-block-group__inner-container is-layout-flow wp-block-group-is-layout-flow\">\n<div class=\"wp-block-cover has-background-dim has-background-gradient row claro-background ticss-5d438bda\" style=\"background:linear-gradient(22deg,rgb(238,238,238) 0%,rgb(169,184,195) 100%);min-height:400px;aspect-ratio:unset;\"><div class=\"wp-block-cover__inner-container is-layout-flow wp-block-cover-is-layout-flow\">\n<h2 class=\"has-text-align-center wp-block-heading\">Leader! Do you know your Leadership team?<\/h2>\n\n\n\n<p class=\"has-text-align-center\">New leader to the Leadership team, or a new member to the team?<\/p>\n\n\n\n<p class=\"has-text-align-center\">A Leadership team that has worked together for a long time, stuck&nbsp;in&nbsp;its formulas?<\/p>\n\n\n\n<p class=\"has-text-align-center\">Light for all of these situations can be brought with the easy-to-use people\u2019s and team\u2019s profiling tool, Narrative Big Five.&nbsp;<\/p>\n\n\n\n<div class=\"wp-block-buttons aligncenter is-layout-flex wp-block-buttons-is-layout-flex\">\n<div class=\"wp-block-button is-style-outline is-style-outline--1\"><a class=\"wp-block-button__link has-text-color no-border-radius\" href=\"https:\/\/claro.fi\/en\/claro-tools\/narrative-big-five\/\" style=\"color:#ffffff\" target=\"_blank\" rel=\"noopener noreferrer\">Read more<\/a><\/div>\n<\/div>\n\n\n\n<div style=\"height:30px\" aria-hidden=\"true\" class=\"wp-block-spacer\"><\/div>\n\n\n\n<p><\/p>\n<\/div><\/div>\n<\/div><\/div>\n\n\n\n<div class=\"wp-block-group ticss-eb885396 mt-5 mb-5\"><div class=\"wp-block-group__inner-container is-layout-flow wp-block-group-is-layout-flow\">\n<div class=\"wp-block-columns row is-layout-flex wp-container-core-columns-is-layout-9d6595d7 wp-block-columns-is-layout-flex\">\n<div class=\"wp-block-column col-lg-6 ml-0 mt-3 is-layout-flow wp-block-column-is-layout-flow\">\n<h2 class=\"ticss-ce29a2ac wp-block-heading\">Towards an inspiring and effective leadership culture<\/h2>\n\n\n\n<p>Claro Leaders Ltd&nbsp;specializes&nbsp;in&nbsp;the&nbsp;development of leadershipand&nbsp;leadership teams.<\/p>\n\n\n\n<p>We have a deep passion for clear, strength-based leadership where excitement and inspiration are the keys to succesful business.<\/p>\n\n\n\n<p>We at Claro believe&nbsp;in&nbsp;keeping it simple&nbsp;and&nbsp;clarifying the essential. Our mission is to help our customers&nbsp;clarify&nbsp;and&nbsp;crystallize their thoughts&nbsp;and&nbsp;priorities&nbsp;in&nbsp;all circumstances.&nbsp;We help&nbsp;our customers&nbsp;to create&nbsp;an inspiring and effective&nbsp;leadership culture.<\/p>\n<\/div>\n\n\n\n<div class=\"wp-block-column col-lg-6 ml-0 mt-3 is-layout-flow wp-block-column-is-layout-flow\">\n<div class=\"wp-block-group has-background ticss-60abf594\" style=\"background-color:#f7f6f5\"><div class=\"wp-block-group__inner-container is-layout-flow wp-block-group-is-layout-flow\">\n<h2 class=\"has-text-color has-text-align-left ticss-4edb4403 wp-block-heading\" style=\"color:#0b186b\">News<\/h2>\n\n\n\n\t\t\t<div class=\"wp-block-uagb-post-grid uagb-post-grid uutiset-osio-etusivulla uagb-post__image-position-top uagb-post__image-enabled uagb-block-202159af-0f28-4333-a2bb-821a5a1f09b8     uagb-post__items uagb-post__columns-1 is-grid uagb-post__columns-tablet-2 uagb-post__columns-mobile-1 uagb-post__equal-height\" data-total=\"10\" style=\"\">\n\n\t\t\t\t\t\t\t\t\t\t\t\t<article class=\"uagb-post__inner-wrap\">\t\t\t\t\t\t\t\t<h4 class=\"uagb-post__title uagb-post__text\">\n\t\t\t\t<a href=\"https:\/\/claro.fi\/en\/news-and-blog\/director-general-of-the-state-treasury-timo-laitinen\/\" target=\"_blank\" rel=\"bookmark noopener noreferrer\">Director General of the State Treasury Timo Laitinen<\/a>\n\t\t\t<\/h4>\n\t\t\t\t\t\t<div class='uagb-post__text uagb-post-grid-byline'>\n\t\t\t\t\t\t\t\t<time datetime=\"2020-10-05T18:43:00+03:00\" class=\"uagb-post__date\">\n\t\t\t\t<span class=\"dashicons-calendar dashicons\"><\/span>\t\t\t\t\t05\/10\/2020\t\t\t\t<\/time>\n\t\t\t\t\t\t<\/div>\n\t\t\t\t\t\t<div class=\"uagb-post__text uagb-post__cta wp-block-button\">\n\t\t\t\t<a class=\"wp-block-button__link uagb-text-link\" style=\"\" href=\"https:\/\/claro.fi\/en\/news-and-blog\/director-general-of-the-state-treasury-timo-laitinen\/\" target=\"_blank\" rel=\"bookmark noopener noreferrer\">Read more<\/a>\n\t\t\t<\/div>\n\t\t\t\n\t\t\t\t\t\t\t\t\t<\/article>\n\t\t\t\t\t\t\t\t\t\t\t\t\t\t\t\t<article class=\"uagb-post__inner-wrap\">\t\t\t\t\t\t\t\t<h4 class=\"uagb-post__title uagb-post__text\">\n\t\t\t\t<a href=\"https:\/\/claro.fi\/en\/news-and-blog\/why-this-people-business-is-so-important\/\" target=\"_blank\" rel=\"bookmark noopener noreferrer\">Why this People Business is so Important<\/a>\n\t\t\t<\/h4>\n\t\t\t\t\t\t<div class='uagb-post__text uagb-post-grid-byline'>\n\t\t\t\t\t\t\t\t<time datetime=\"2020-10-02T17:30:42+03:00\" class=\"uagb-post__date\">\n\t\t\t\t<span class=\"dashicons-calendar dashicons\"><\/span>\t\t\t\t\t02\/10\/2020\t\t\t\t<\/time>\n\t\t\t\t\t\t<\/div>\n\t\t\t\t\t\t<div class=\"uagb-post__text uagb-post__cta wp-block-button\">\n\t\t\t\t<a class=\"wp-block-button__link uagb-text-link\" style=\"\" href=\"https:\/\/claro.fi\/en\/news-and-blog\/why-this-people-business-is-so-important\/\" target=\"_blank\" rel=\"bookmark noopener noreferrer\">Read more<\/a>\n\t\t\t<\/div>\n\t\t\t\n\t\t\t\t\t\t\t\t\t<\/article>\n\t\t\t\t\t\t\t\t\t\t\t<\/div>\n\t\t\t<\/div><\/div>\n<\/div>\n<\/div>\n<\/div><\/div>\n\n\n\n<div class=\"wp-block-group\"><div class=\"wp-block-group__inner-container is-layout-flow wp-block-group-is-layout-flow\">\n<div class=\"parallax-window claro-parallax-settings\" style=\"min-height: 450px; background: rgba(0, 0, 0, 0.5); margin: 0px -15px; display: flex; justify-content: center; align-items: center;\" data-parallax=\"scroll\" data-image-src=\"https:\/\/claro.fi\/en\/wp-content\/uploads\/sites\/3\/2020\/04\/Big-5sertifiointi-karusellikuva.jpg\">\n<div class=\"claro-parallax-inner\" style=\"width: calc(100% - 70px); z-index: 1; max-width: 850px; margin: 0px auto;\">\n<h2 style=\"text-align: center;\"><span style=\"color: #ffffff;\">Narrative Big Five<\/span><\/h2>\n<p style=\"text-align: center; font-size: 18px;\"><span style=\"color: #ffffff;\">After receiving feedback on his own Narrative Big Five profile, one CEO found it to be downright \u201cScary spot on\u201d, and another wondered why he would ever lead another team again without considering the entire team\u2019s profiles.<\/span><\/p>\n<p style=\"text-align: center; font-size: 18px;\"><span style=\"color: #ffffff;\">Why would you?<\/span><\/p>\n<p style=\"text-align: center;\"><a class=\"wp-block-button__link\" style=\"color: #ffffff;\" href=\"https:\/\/claro.fi\/en\/big-5-certification\/\">Read more<\/a><\/p>\n<\/div>\n<\/div>\n<\/div><\/div>\n\n\n\n<div class=\"wp-block-group ticss-35a25d09\"><div class=\"wp-block-group__inner-container is-layout-flow wp-block-group-is-layout-flow\">\n<div class=\"wp-block-columns row is-layout-flex wp-container-core-columns-is-layout-9d6595d7 wp-block-columns-is-layout-flex\">\n<div class=\"wp-block-column col-lg-6 ml-0 is-layout-flow wp-block-column-is-layout-flow\">\n<h2 class=\"wp-block-heading\"><strong>For the LOVE<\/strong>&nbsp;of great Leadership<\/h2>\n\n\n\n<p>Claro Leaders was born&nbsp;in&nbsp;July 2010 out of the desire to improve leadership and management team performance by experienced consultants who themselves have strong leadership and management team experience.&nbsp;<\/p>\n\n\n\n<p>Claro focuses on serving companies and organizations who are dedicated to gaining competitive advantage by great leadership. Claro\u00b4s recipe for success is&nbsp;in&nbsp;simplifying and clarifying the essentials&nbsp;in&nbsp;strategy, management \/ leadership model or process of change.&nbsp;<\/p>\n\n\n\n<p>There are many different isms&nbsp;in&nbsp;leadership. Claro\u00b4s vision is to develop Finnish leadership and leaders to become the best&nbsp;in&nbsp;the world.<\/p>\n<\/div>\n\n\n\n<div class=\"wp-block-column col-lg-6 ml-0 is-layout-flow wp-block-column-is-layout-flow\">\n<figure class=\"wp-block-image size-large ticss-67352d28\"><img loading=\"lazy\" decoding=\"async\" width=\"800\" height=\"600\" src=\"https:\/\/claro.fi\/en\/wp-content\/uploads\/sites\/3\/2020\/04\/rakkaudesta-hyvaan-johtamiseen.jpg\" alt=\"\" class=\"wp-image-105\" srcset=\"https:\/\/claro.fi\/en\/wp-content\/uploads\/sites\/3\/2020\/04\/rakkaudesta-hyvaan-johtamiseen.jpg 800w, https:\/\/claro.fi\/en\/wp-content\/uploads\/sites\/3\/2020\/04\/rakkaudesta-hyvaan-johtamiseen-300x225.jpg 300w, https:\/\/claro.fi\/en\/wp-content\/uploads\/sites\/3\/2020\/04\/rakkaudesta-hyvaan-johtamiseen-768x576.jpg 768w\" sizes=\"auto, (max-width: 800px) 100vw, 800px\" \/><\/figure>\n\n\n\n<p><\/p>\n<\/div>\n<\/div>\n<\/div><\/div>\n\n\n\n<div class=\"wp-block-group ticss-2a6d73ae\"><div class=\"wp-block-group__inner-container is-layout-flow wp-block-group-is-layout-flow\">\n<h2 class=\"has-text-color has-text-align-center wp-block-heading\" style=\"color:#0b186b\">About us<\/h2>\n\n\n\n<div class=\"wp-block-group ticss-965685af\"><div class=\"wp-block-group__inner-container is-layout-flow wp-block-group-is-layout-flow\">\n<div class=\"referenssi-ohjaimet ticss-a6adaabe uagb-testomonial__outer-wrap uagb-slick-carousel uagb-tm__arrow-outside uagb-block-9be73540-0db3-4e92-9284-4c9a8bca7b5e\"><div class=\"is-carousel uagb-tm__columns-1 uagb-tm__items\"><div class=\"uagb-testimonial__wrap  uagb-tm__imgicon-style-circle uagb-tm__image-position-bottom uagb-tm__bg-type-image \"><div class=\"uagb-tm__content\"><div class=\"uagb-tm__overlay\"><\/div><div class=\"uagb-tm__text-wrap\"><div class=\"uagb-testinomial-text-wrap\"><div class=\"uagb-tm__desc\">&#8220;Claro Coaching eased the transition from Finnair HR into the role of a CEO of one of the Finnair subsidiaries. Later we have collaborated with Claro in 360 \u2013assessments, team and individual coaching, change management and emotional intelligence training.&#8221;<\/div><\/div><div class=\"uagb-tm__meta\"><div class=\"uagb-tm__meta-inner\"><div class=\"uagb-testimonial-details\"><span class=\"uagb-tm__author-name\">-Ari Kuutschin, CEO, Northport Oy<\/span><span class=\"uagb-tm__company\"><\/span><\/div><\/div><\/div><\/div><\/div><\/div><div class=\"uagb-testimonial__wrap  uagb-tm__imgicon-style-circle uagb-tm__image-position-bottom uagb-tm__bg-type-image \"><div class=\"uagb-tm__content\"><div class=\"uagb-tm__overlay\"><\/div><div class=\"uagb-tm__text-wrap\"><div class=\"uagb-testinomial-text-wrap\"><div class=\"uagb-tm__desc\">&#8220;I chose Narrative Big Five to be our HR assessment tool because it is based on research and empirical data and deep understanding of our unique personality traits. At the same time it is very easy to use. After certification training I was well versed in the interpretation and administration of the Narrative Big Five assessment. I can warmly recommend Narrative Big Five&#8221;<\/div><\/div><div class=\"uagb-tm__meta\"><div class=\"uagb-tm__meta-inner\"><div class=\"uagb-testimonial-details\"><span class=\"uagb-tm__author-name\">&#8211; Kirsi Nurmela, Vice President Human Resources, Murata.<\/span><span class=\"uagb-tm__company\"><\/span><\/div><\/div><\/div><\/div><\/div><\/div><div class=\"uagb-testimonial__wrap  uagb-tm__imgicon-style-circle uagb-tm__image-position-bottom uagb-tm__bg-type-image \"><div class=\"uagb-tm__content\"><div class=\"uagb-tm__overlay\"><\/div><div class=\"uagb-tm__text-wrap\"><div class=\"uagb-testinomial-text-wrap\"><div class=\"uagb-tm__desc\">&#8220;After revising our strategy it was essential to ensure everyone is excited and committed to strategy implementation. Claro helped us to really understand the importance of emotions at workplace and leading with emotion to touch and inspire&#8221;<\/div><\/div><div class=\"uagb-tm__meta\"><div class=\"uagb-tm__meta-inner\"><div class=\"uagb-testimonial-details\"><span class=\"uagb-tm__author-name\">&#8211; Jukka Niemi, CEO, Yliopiston Apteekki<\/span><span class=\"uagb-tm__company\"><\/span><\/div><\/div><\/div><\/div><\/div><\/div><div class=\"uagb-testimonial__wrap  uagb-tm__imgicon-style-circle uagb-tm__image-position-bottom uagb-tm__bg-type-image \"><div class=\"uagb-tm__content\"><div class=\"uagb-tm__overlay\"><\/div><div class=\"uagb-tm__text-wrap\"><div class=\"uagb-testinomial-text-wrap\"><div class=\"uagb-tm__desc\">&#8220;It is very important to me that the HR assessment tools I use are based on scientific facts. Therefore I chose Narrative Big Five. It can be used in developing our leadership team but also in recruiting.&#8221;<\/div><\/div><div class=\"uagb-tm__meta\"><div class=\"uagb-tm__meta-inner\"><div class=\"uagb-testimonial-details\"><span class=\"uagb-tm__author-name\">&#8211; Tiina Nystr\u00f6m, Executive Vice President, General councel\u00a0 &amp; HR Director, Pohjolan Voima Oyj<\/span><span class=\"uagb-tm__company\"><\/span><\/div><\/div><\/div><\/div><\/div><\/div><div class=\"uagb-testimonial__wrap  uagb-tm__imgicon-style-circle uagb-tm__image-position-bottom uagb-tm__bg-type-image \"><div class=\"uagb-tm__content\"><div class=\"uagb-tm__overlay\"><\/div><div class=\"uagb-tm__text-wrap\"><div class=\"uagb-testinomial-text-wrap\"><div class=\"uagb-tm__desc\">&#8220;Claro helped us to generate new ideas and ways to improve our leadership team work. For example we were able to create more structured leadership team meeting agenda to improve the effectiveness of our meetings. Without Claro we couldn\u00b4t have achieved these results in such a short time&#8221;<\/div><\/div><div class=\"uagb-tm__meta\"><div class=\"uagb-tm__meta-inner\"><div class=\"uagb-testimonial-details\"><span class=\"uagb-tm__author-name\">&#8211; \u00c5ke Blomqvist, Country General Manager, TNT Suomi Oy<\/span><span class=\"uagb-tm__company\"><\/span><\/div><\/div><\/div><\/div><\/div><\/div><div class=\"uagb-testimonial__wrap  uagb-tm__imgicon-style-circle uagb-tm__image-position-bottom uagb-tm__bg-type-image \"><div class=\"uagb-tm__content\"><div class=\"uagb-tm__overlay\"><\/div><div class=\"uagb-tm__text-wrap\"><div class=\"uagb-testinomial-text-wrap\"><div class=\"uagb-tm__desc\">&#8220;Our leadership team Narrative Big Five workshop with Claro was extremely interesting and the results reflected our group dynamics very well. Our collaboration with Claro has continued a long time and therefore they are able to challenge us in very concrete ways&#8221;<\/div><\/div><div class=\"uagb-tm__meta\"><div class=\"uagb-tm__meta-inner\"><div class=\"uagb-testimonial-details\"><span class=\"uagb-tm__author-name\">&#8211; Pekka Tiainen, CEO, Sinebrychoff<\/span><span class=\"uagb-tm__company\"><\/span><\/div><\/div><\/div><\/div><\/div><\/div><div class=\"uagb-testimonial__wrap  uagb-tm__imgicon-style-circle uagb-tm__image-position-bottom uagb-tm__bg-type-image \"><div class=\"uagb-tm__content\"><div class=\"uagb-tm__overlay\"><\/div><div class=\"uagb-tm__text-wrap\"><div class=\"uagb-testinomial-text-wrap\"><div class=\"uagb-tm__desc\">&#8220;Claro helped our leadership team to become more effective, improve our managerial competencies and to create relevant leadership and HR metrics when our company was in a high growth stage&#8221;<\/div><\/div><div class=\"uagb-tm__meta\"><div class=\"uagb-tm__meta-inner\"><div class=\"uagb-testimonial-details\"><span class=\"uagb-tm__author-name\">&#8211; Risto Myllym\u00e4ki CEO &amp; Co-Founder Good Luck Media Ltd.<\/span><span class=\"uagb-tm__company\"><\/span><\/div><\/div><\/div><\/div><\/div><\/div><\/div><\/div>\n<\/div><\/div>\n<\/div><\/div>\n","protected":false},"excerpt":{"rendered":"<p>Tomorrow&#8217;s Leadership Towards an inspiring and effective leadership culture Claro Leaders Ltd&nbsp;specializes&nbsp;in&nbsp;the&nbsp;development of leadershipand&nbsp;leadership teams. We have a deep passion for clear, strength-based leadership where excitement and inspiration are the keys to succesful business. We at Claro believe&nbsp;in&nbsp;keeping it simple&nbsp;and&nbsp;clarifying the essential. Our mission is to help our customers&nbsp;clarify&nbsp;and&nbsp;crystallize their thoughts&nbsp;and&nbsp;priorities&nbsp;in&nbsp;all circumstances.&nbsp;We help&nbsp;our customers&nbsp;to create&nbsp;an [&hellip;]<\/p>\n","protected":false},"author":1,"featured_media":47,"parent":0,"menu_order":0,"comment_status":"closed","ping_status":"closed","template":"Normaali-sivupohja.php","meta":{"_acf_changed":false,"_uag_custom_page_level_css":"","footnotes":""},"class_list":["post-6","page","type-page","status-publish","has-post-thumbnail","hentry"],"acf":[],"yoast_head":"<!-- This site is optimized with the Yoast SEO plugin v27.4 - https:\/\/yoast.com\/product\/yoast-seo-wordpress\/ -->\n<title>Claro Leaders is specializes in leadership and management team development<\/title>\n<meta name=\"description\" content=\"Claro Leaders specializes in the evaluation and development of leadership and management team work. We measure leadership and we measure management team work. We help clarify the essentials through coaching or management team coaching.\" \/>\n<meta name=\"robots\" content=\"index, follow, max-snippet:-1, max-image-preview:large, max-video-preview:-1\" \/>\n<link rel=\"canonical\" href=\"https:\/\/claro.fi\/en\/\" \/>\n<meta property=\"og:locale\" content=\"en_US\" \/>\n<meta property=\"og:type\" content=\"article\" \/>\n<meta property=\"og:title\" content=\"Claro Leaders is specializes in leadership and management team development\" \/>\n<meta property=\"og:description\" content=\"Claro Leaders specializes in the evaluation and development of leadership and management team work. We measure leadership and we measure management team work. We help clarify the essentials through coaching or management team coaching.\" \/>\n<meta property=\"og:url\" content=\"https:\/\/claro.fi\/en\/\" \/>\n<meta property=\"og:site_name\" content=\"Claro Leaders Oy - EN\" \/>\n<meta property=\"article:modified_time\" content=\"2020-05-27T14:01:58+00:00\" \/>\n<meta property=\"og:image\" content=\"https:\/\/claro.fi\/en\/wp-content\/uploads\/sites\/3\/2020\/05\/claro-somejakokuva.png\" \/>\n\t<meta property=\"og:image:width\" content=\"1200\" \/>\n\t<meta property=\"og:image:height\" content=\"630\" \/>\n\t<meta property=\"og:image:type\" content=\"image\/png\" \/>\n<meta name=\"twitter:card\" content=\"summary_large_image\" \/>\n<meta name=\"twitter:title\" content=\"Claro Leaders is specializes in leadership and management team development\" \/>\n<meta name=\"twitter:description\" content=\"Claro Leaders specializes in the evaluation and development of leadership and management team work. We measure leadership and we measure management team work. We help clarify the essentials through coaching or management team coaching.\" \/>\n<meta name=\"twitter:image\" content=\"https:\/\/claro.fi\/en\/wp-content\/uploads\/sites\/3\/2020\/05\/claro-somejakokuva.png\" \/>\n<meta name=\"twitter:label1\" content=\"Est. reading time\" \/>\n\t<meta name=\"twitter:data1\" content=\"3 minutes\" \/>\n<script type=\"application\/ld+json\" class=\"yoast-schema-graph\">{\"@context\":\"https:\\\/\\\/schema.org\",\"@graph\":[{\"@type\":\"WebPage\",\"@id\":\"https:\\\/\\\/claro.fi\\\/en\\\/\",\"url\":\"https:\\\/\\\/claro.fi\\\/en\\\/\",\"name\":\"Claro Leaders is specializes in leadership and management team development\",\"isPartOf\":{\"@id\":\"\\\/#website\"},\"primaryImageOfPage\":{\"@id\":\"https:\\\/\\\/claro.fi\\\/en\\\/#primaryimage\"},\"image\":{\"@id\":\"https:\\\/\\\/claro.fi\\\/en\\\/#primaryimage\"},\"thumbnailUrl\":\"https:\\\/\\\/claro.fi\\\/en\\\/wp-content\\\/uploads\\\/sites\\\/3\\\/2020\\\/04\\\/slideimagetwo.jpg\",\"datePublished\":\"2020-04-07T17:23:43+00:00\",\"dateModified\":\"2020-05-27T14:01:58+00:00\",\"description\":\"Claro Leaders specializes in the evaluation and development of leadership and management team work. We measure leadership and we measure management team work. We help clarify the essentials through coaching or management team coaching.\",\"breadcrumb\":{\"@id\":\"https:\\\/\\\/claro.fi\\\/en\\\/#breadcrumb\"},\"inLanguage\":\"en-US\",\"potentialAction\":[{\"@type\":\"ReadAction\",\"target\":[\"https:\\\/\\\/claro.fi\\\/en\\\/\"]}]},{\"@type\":\"ImageObject\",\"inLanguage\":\"en-US\",\"@id\":\"https:\\\/\\\/claro.fi\\\/en\\\/#primaryimage\",\"url\":\"https:\\\/\\\/claro.fi\\\/en\\\/wp-content\\\/uploads\\\/sites\\\/3\\\/2020\\\/04\\\/slideimagetwo.jpg\",\"contentUrl\":\"https:\\\/\\\/claro.fi\\\/en\\\/wp-content\\\/uploads\\\/sites\\\/3\\\/2020\\\/04\\\/slideimagetwo.jpg\",\"width\":1920,\"height\":1080},{\"@type\":\"BreadcrumbList\",\"@id\":\"https:\\\/\\\/claro.fi\\\/en\\\/#breadcrumb\",\"itemListElement\":[{\"@type\":\"ListItem\",\"position\":1,\"name\":\"Home\",\"item\":\"https:\\\/\\\/claro.fi\\\/en\\\/\"},{\"@type\":\"ListItem\",\"position\":2,\"name\":\"Etusivu\"}]},{\"@type\":\"WebSite\",\"@id\":\"\\\/#website\",\"url\":\"\\\/\",\"name\":\"Claro Leaders Oy - EN\",\"description\":\"Claro Leaders Oy on erikoistunut hallitus- ja johtoryhm\u00e4ty\u00f6n mittaamiseen ja kehitt\u00e4miseen\",\"potentialAction\":[{\"@type\":\"SearchAction\",\"target\":{\"@type\":\"EntryPoint\",\"urlTemplate\":\"\\\/?s={search_term_string}\"},\"query-input\":{\"@type\":\"PropertyValueSpecification\",\"valueRequired\":true,\"valueName\":\"search_term_string\"}}],\"inLanguage\":\"en-US\"}]}<\/script>\n<!-- \/ Yoast SEO plugin. -->","yoast_head_json":{"title":"Claro Leaders is specializes in leadership and management team development","description":"Claro Leaders specializes in the evaluation and development of leadership and management team work. We measure leadership and we measure management team work. We help clarify the essentials through coaching or management team coaching.","robots":{"index":"index","follow":"follow","max-snippet":"max-snippet:-1","max-image-preview":"max-image-preview:large","max-video-preview":"max-video-preview:-1"},"canonical":"https:\/\/claro.fi\/en\/","og_locale":"en_US","og_type":"article","og_title":"Claro Leaders is specializes in leadership and management team development","og_description":"Claro Leaders specializes in the evaluation and development of leadership and management team work. We measure leadership and we measure management team work. We help clarify the essentials through coaching or management team coaching.","og_url":"https:\/\/claro.fi\/en\/","og_site_name":"Claro Leaders Oy - EN","article_modified_time":"2020-05-27T14:01:58+00:00","og_image":[{"width":1200,"height":630,"url":"https:\/\/claro.fi\/en\/wp-content\/uploads\/sites\/3\/2020\/05\/claro-somejakokuva.png","type":"image\/png"}],"twitter_card":"summary_large_image","twitter_title":"Claro Leaders is specializes in leadership and management team development","twitter_description":"Claro Leaders specializes in the evaluation and development of leadership and management team work. We measure leadership and we measure management team work. We help clarify the essentials through coaching or management team coaching.","twitter_image":"https:\/\/claro.fi\/en\/wp-content\/uploads\/sites\/3\/2020\/05\/claro-somejakokuva.png","twitter_misc":{"Est. reading time":"3 minutes"},"schema":{"@context":"https:\/\/schema.org","@graph":[{"@type":"WebPage","@id":"https:\/\/claro.fi\/en\/","url":"https:\/\/claro.fi\/en\/","name":"Claro Leaders is specializes in leadership and management team development","isPartOf":{"@id":"\/#website"},"primaryImageOfPage":{"@id":"https:\/\/claro.fi\/en\/#primaryimage"},"image":{"@id":"https:\/\/claro.fi\/en\/#primaryimage"},"thumbnailUrl":"https:\/\/claro.fi\/en\/wp-content\/uploads\/sites\/3\/2020\/04\/slideimagetwo.jpg","datePublished":"2020-04-07T17:23:43+00:00","dateModified":"2020-05-27T14:01:58+00:00","description":"Claro Leaders specializes in the evaluation and development of leadership and management team work. We measure leadership and we measure management team work. We help clarify the essentials through coaching or management team coaching.","breadcrumb":{"@id":"https:\/\/claro.fi\/en\/#breadcrumb"},"inLanguage":"en-US","potentialAction":[{"@type":"ReadAction","target":["https:\/\/claro.fi\/en\/"]}]},{"@type":"ImageObject","inLanguage":"en-US","@id":"https:\/\/claro.fi\/en\/#primaryimage","url":"https:\/\/claro.fi\/en\/wp-content\/uploads\/sites\/3\/2020\/04\/slideimagetwo.jpg","contentUrl":"https:\/\/claro.fi\/en\/wp-content\/uploads\/sites\/3\/2020\/04\/slideimagetwo.jpg","width":1920,"height":1080},{"@type":"BreadcrumbList","@id":"https:\/\/claro.fi\/en\/#breadcrumb","itemListElement":[{"@type":"ListItem","position":1,"name":"Home","item":"https:\/\/claro.fi\/en\/"},{"@type":"ListItem","position":2,"name":"Etusivu"}]},{"@type":"WebSite","@id":"\/#website","url":"\/","name":"Claro Leaders Oy - EN","description":"Claro Leaders Oy on erikoistunut hallitus- ja johtoryhm\u00e4ty\u00f6n mittaamiseen ja kehitt\u00e4miseen","potentialAction":[{"@type":"SearchAction","target":{"@type":"EntryPoint","urlTemplate":"\/?s={search_term_string}"},"query-input":{"@type":"PropertyValueSpecification","valueRequired":true,"valueName":"search_term_string"}}],"inLanguage":"en-US"}]}},"uagb_featured_image_src":{"full":["https:\/\/claro.fi\/en\/wp-content\/uploads\/sites\/3\/2020\/04\/slideimagetwo.jpg",1920,1080,false],"thumbnail":["https:\/\/claro.fi\/en\/wp-content\/uploads\/sites\/3\/2020\/04\/slideimagetwo-150x150.jpg",150,150,true],"medium":["https:\/\/claro.fi\/en\/wp-content\/uploads\/sites\/3\/2020\/04\/slideimagetwo-300x169.jpg",300,169,true],"medium_large":["https:\/\/claro.fi\/en\/wp-content\/uploads\/sites\/3\/2020\/04\/slideimagetwo-768x432.jpg",768,432,true],"large":["https:\/\/claro.fi\/en\/wp-content\/uploads\/sites\/3\/2020\/04\/slideimagetwo-1024x576.jpg",1024,576,true],"1536x1536":["https:\/\/claro.fi\/en\/wp-content\/uploads\/sites\/3\/2020\/04\/slideimagetwo-1536x864.jpg",1536,864,true],"2048x2048":["https:\/\/claro.fi\/en\/wp-content\/uploads\/sites\/3\/2020\/04\/slideimagetwo.jpg",1920,1080,false]},"uagb_author_info":{"display_name":"admin","author_link":"https:\/\/claro.fi\/en\/news-and-blog\/author\/admin\/"},"uagb_comment_info":0,"uagb_excerpt":"Tomorrow&#8217;s Leadership Towards an inspiring and effective leadership culture Claro Leaders Ltd&nbsp;specializes&nbsp;in&nbsp;the&nbsp;development of leadershipand&nbsp;leadership teams. We have a deep passion for clear, strength-based leadership where excitement and inspiration are the keys to succesful business. We at Claro believe&nbsp;in&nbsp;keeping it simple&nbsp;and&nbsp;clarifying the essential. Our mission is to help our customers&nbsp;clarify&nbsp;and&nbsp;crystallize their thoughts&nbsp;and&nbsp;priorities&nbsp;in&nbsp;all circumstances.&nbsp;We help&nbsp;our customers&nbsp;to create&nbsp;an&hellip;","_links":{"self":[{"href":"https:\/\/claro.fi\/en\/wp-json\/wp\/v2\/pages\/6","targetHints":{"allow":["GET"]}}],"collection":[{"href":"https:\/\/claro.fi\/en\/wp-json\/wp\/v2\/pages"}],"about":[{"href":"https:\/\/claro.fi\/en\/wp-json\/wp\/v2\/types\/page"}],"author":[{"embeddable":true,"href":"https:\/\/claro.fi\/en\/wp-json\/wp\/v2\/users\/1"}],"replies":[{"embeddable":true,"href":"https:\/\/claro.fi\/en\/wp-json\/wp\/v2\/comments?post=6"}],"version-history":[{"count":150,"href":"https:\/\/claro.fi\/en\/wp-json\/wp\/v2\/pages\/6\/revisions"}],"predecessor-version":[{"id":1745,"href":"https:\/\/claro.fi\/en\/wp-json\/wp\/v2\/pages\/6\/revisions\/1745"}],"wp:featuredmedia":[{"embeddable":true,"href":"https:\/\/claro.fi\/en\/wp-json\/wp\/v2\/media\/47"}],"wp:attachment":[{"href":"https:\/\/claro.fi\/en\/wp-json\/wp\/v2\/media?parent=6"}],"curies":[{"name":"wp","href":"https:\/\/api.w.org\/{rel}","templated":true}]}}