{"id":516,"date":"2020-04-19T12:29:31","date_gmt":"2020-04-19T09:29:31","guid":{"rendered":"https:\/\/claro.fi\/en\/?page_id=516"},"modified":"2020-06-04T18:04:50","modified_gmt":"2020-06-04T15:04:50","slug":"resilience-profile","status":"publish","type":"page","link":"https:\/\/claro.fi\/en\/claro-tools\/resilience-profile\/","title":{"rendered":"RESILIENCE PROFILE"},"content":{"rendered":"\n<div class=\"wp-block-group ticss-68240b31\"><div class=\"wp-block-group__inner-container is-layout-flow wp-block-group-is-layout-flow\">\n<h2 class=\"has-text-align-left wp-block-heading\"><strong><strong>RESILIENCE PROFILE \u2013 measuring your resilience in change situations<\/strong><\/strong><\/h2>\n\n\n\n<div style=\"height:40px\" aria-hidden=\"true\" class=\"wp-block-spacer\"><\/div>\n\n\n\n<div class=\"wp-block-columns has-background row is-layout-flex wp-container-core-columns-is-layout-9d6595d7 wp-block-columns-is-layout-flex\" style=\"background-color:#f3f2f1\">\n<div class=\"wp-block-column col-md-6 ml-0 bigger-padding is-layout-flow wp-block-column-is-layout-flow\">\n<div style=\"height:20px\" aria-hidden=\"true\" class=\"wp-block-spacer\"><\/div>\n\n\n\n<h4 class=\"wp-block-heading\">WHAT?<\/h4>\n\n\n\n<p>\u2013 Analyzing the current change management competency of the leadership team<\/p>\n\n\n\n<ul class=\"wp-block-list\"><li>Recognizing the capabilities of individuals in change management (threats and opportunities)<\/li><li>Measuring the resilience of the leadership team \/ team (strengths and risks)<\/li><\/ul>\n\n\n\n<p><\/p>\n<\/div>\n\n\n\n<div class=\"wp-block-column col-md-6 ml-0 ticss-09f274e1 is-layout-flow wp-block-column-is-layout-flow\">\n<div class=\"wp-block-cover aligncenter ticss-def84ceb\" style=\"background-image:url(https:\/\/claro.fi\/en\/wp-content\/uploads\/sites\/3\/2020\/04\/Resilience-profile-mit\u00e4.jpg);background-position:38% 12%;min-height:400px;aspect-ratio:unset;\"><div class=\"wp-block-cover__inner-container is-layout-flow wp-block-cover-is-layout-flow\">\n<p class=\"has-text-align-center has-large-font-size\"><\/p>\n<\/div><\/div>\n<\/div>\n<\/div>\n\n\n\n<div class=\"wp-block-columns has-background row is-layout-flex wp-container-core-columns-is-layout-9d6595d7 wp-block-columns-is-layout-flex\" style=\"background-color:#f3f2f1\">\n<div class=\"wp-block-column col-md-6 order-md-2 bigger-padding ml-0 ticss-ddb34009 is-layout-flow wp-block-column-is-layout-flow\">\n<div style=\"height:20px\" aria-hidden=\"true\" class=\"wp-block-spacer\"><\/div>\n\n\n\n<h4 class=\"wp-block-heading\">WHY?<\/h4>\n\n\n\n<ul class=\"wp-block-list\"><li>Very practical and quick to execute<\/li><li>To support and improve the change managament competencies of individuals and teams<\/li><li>To implement changes faster<\/li><li>To reduce stress during organizational changes<\/li><\/ul>\n\n\n\n<div style=\"height:20px\" aria-hidden=\"true\" class=\"wp-block-spacer\"><\/div>\n\n\n\n<p><\/p>\n<\/div>\n\n\n\n<div class=\"wp-block-column col-md-6 order-md-1 ml-0 ticss-2f7608b7 is-layout-flow wp-block-column-is-layout-flow\">\n<div class=\"wp-block-cover aligncenter\" style=\"background-image:url(https:\/\/claro.fi\/en\/wp-content\/uploads\/sites\/3\/2020\/05\/Resilience-profile-miksi-uusinrajaus.png);background-position:51% 67%;min-height:400px;aspect-ratio:unset;\"><div class=\"wp-block-cover__inner-container is-layout-flow wp-block-cover-is-layout-flow\">\n<p class=\"has-text-align-center has-large-font-size\"><\/p>\n<\/div><\/div>\n<\/div>\n<\/div>\n\n\n\n<div class=\"wp-block-columns has-background row is-layout-flex wp-container-core-columns-is-layout-9d6595d7 wp-block-columns-is-layout-flex\" style=\"background-color:#f3f2f1\">\n<div class=\"wp-block-column col-md-6 bigger-padding ml-0 ticss-88272bd3 is-layout-flow wp-block-column-is-layout-flow\">\n<div style=\"height:20px\" aria-hidden=\"true\" class=\"wp-block-spacer\"><\/div>\n\n\n\n<h4 class=\"wp-block-heading\">HOW?<\/h4>\n\n\n\n<ul class=\"wp-block-list\"><li>Self assessment with 75 questions (15 mins)<\/li><li>Individual Resilience Profile<\/li><li>Individual and team feedback based on the results<\/li><li>Learning about the change management capabilities, your individual strengths and opportunities to grow and methods to increase your resilience<\/li><\/ul>\n\n\n\n<p><\/p>\n<\/div>\n\n\n\n<div class=\"wp-block-column col-md-6 ml-0 ticss-3aca78d3 is-layout-flow wp-block-column-is-layout-flow\">\n<div class=\"wp-block-cover aligncenter\" style=\"background-image:url(https:\/\/claro.fi\/en\/wp-content\/uploads\/sites\/3\/2020\/04\/claro-Resilience-profile-miten.jpg);min-height:400px;aspect-ratio:unset;\"><div class=\"wp-block-cover__inner-container is-layout-flow wp-block-cover-is-layout-flow\">\n<p class=\"has-text-align-center has-large-font-size\"><\/p>\n<\/div><\/div>\n<\/div>\n<\/div>\n\n\n\n<style>\n.container-page-content .wp-block-columns.has-background {\npadding: 0px;\n}\n.wp-block-columns {\nmargin-bottom: 0px!important;\n}\n@media (max-width: 781px) and (min-width: 600px) {\n\t.wp-block-column {\n\t\tflex-basis: inherit!important;}\n}\n<\/style>\n<\/div><\/div>\n","protected":false},"excerpt":{"rendered":"<p>RESILIENCE PROFILE \u2013 measuring your resilience in change situations WHAT? \u2013 Analyzing the current change management competency of the leadership team Recognizing the capabilities of individuals in change management (threats and opportunities) Measuring the resilience of the leadership team \/ team (strengths and risks) WHY? Very practical and quick to execute To support and improve [&hellip;]<\/p>\n","protected":false},"author":1,"featured_media":968,"parent":24,"menu_order":70,"comment_status":"closed","ping_status":"closed","template":"keskitetty-sisalto-sivupohja.php","meta":{"_acf_changed":false,"_uag_custom_page_level_css":"","footnotes":""},"class_list":["post-516","page","type-page","status-publish","has-post-thumbnail","hentry"],"acf":[],"yoast_head":"<!-- This site is optimized with the Yoast SEO plugin v27.4 - https:\/\/yoast.com\/product\/yoast-seo-wordpress\/ -->\n<title>RESILIENCE PROFILE - Claro Leaders Oy - EN<\/title>\n<meta name=\"robots\" content=\"index, follow, max-snippet:-1, max-image-preview:large, max-video-preview:-1\" \/>\n<link rel=\"canonical\" href=\"https:\/\/claro.fi\/en\/claro-tools\/resilience-profile\/\" \/>\n<meta property=\"og:locale\" content=\"en_US\" \/>\n<meta property=\"og:type\" content=\"article\" \/>\n<meta property=\"og:title\" content=\"RESILIENCE PROFILE - Claro Leaders Oy - EN\" \/>\n<meta property=\"og:description\" content=\"RESILIENCE PROFILE \u2013 measuring your resilience in change situations WHAT? \u2013 Analyzing the current change management competency of the leadership team Recognizing the capabilities of individuals in change management (threats and opportunities) Measuring the resilience of the leadership team \/ team (strengths and risks) WHY? Very practical and quick to execute To support and improve [&hellip;]\" \/>\n<meta property=\"og:url\" content=\"https:\/\/claro.fi\/en\/claro-tools\/resilience-profile\/\" \/>\n<meta property=\"og:site_name\" content=\"Claro Leaders Oy - EN\" \/>\n<meta property=\"article:modified_time\" content=\"2020-06-04T15:04:50+00:00\" \/>\n<meta property=\"og:image\" content=\"https:\/\/claro.fi\/en\/wp-content\/uploads\/sites\/3\/2020\/04\/claro-RESILIENCE-PROFILE-paakuva.jpg\" \/>\n\t<meta property=\"og:image:width\" content=\"1024\" \/>\n\t<meta property=\"og:image:height\" content=\"600\" \/>\n\t<meta property=\"og:image:type\" content=\"image\/jpeg\" \/>\n<meta name=\"twitter:card\" content=\"summary_large_image\" \/>\n<meta name=\"twitter:label1\" content=\"Est. reading time\" \/>\n\t<meta name=\"twitter:data1\" content=\"1 minute\" \/>\n<script type=\"application\/ld+json\" class=\"yoast-schema-graph\">{\"@context\":\"https:\\\/\\\/schema.org\",\"@graph\":[{\"@type\":\"WebPage\",\"@id\":\"https:\\\/\\\/claro.fi\\\/en\\\/claro-tools\\\/resilience-profile\\\/\",\"url\":\"https:\\\/\\\/claro.fi\\\/en\\\/claro-tools\\\/resilience-profile\\\/\",\"name\":\"RESILIENCE PROFILE - Claro Leaders Oy - EN\",\"isPartOf\":{\"@id\":\"\\\/#website\"},\"primaryImageOfPage\":{\"@id\":\"https:\\\/\\\/claro.fi\\\/en\\\/claro-tools\\\/resilience-profile\\\/#primaryimage\"},\"image\":{\"@id\":\"https:\\\/\\\/claro.fi\\\/en\\\/claro-tools\\\/resilience-profile\\\/#primaryimage\"},\"thumbnailUrl\":\"https:\\\/\\\/claro.fi\\\/en\\\/wp-content\\\/uploads\\\/sites\\\/3\\\/2020\\\/04\\\/claro-RESILIENCE-PROFILE-paakuva.jpg\",\"datePublished\":\"2020-04-19T09:29:31+00:00\",\"dateModified\":\"2020-06-04T15:04:50+00:00\",\"breadcrumb\":{\"@id\":\"https:\\\/\\\/claro.fi\\\/en\\\/claro-tools\\\/resilience-profile\\\/#breadcrumb\"},\"inLanguage\":\"en-US\",\"potentialAction\":[{\"@type\":\"ReadAction\",\"target\":[\"https:\\\/\\\/claro.fi\\\/en\\\/claro-tools\\\/resilience-profile\\\/\"]}]},{\"@type\":\"ImageObject\",\"inLanguage\":\"en-US\",\"@id\":\"https:\\\/\\\/claro.fi\\\/en\\\/claro-tools\\\/resilience-profile\\\/#primaryimage\",\"url\":\"https:\\\/\\\/claro.fi\\\/en\\\/wp-content\\\/uploads\\\/sites\\\/3\\\/2020\\\/04\\\/claro-RESILIENCE-PROFILE-paakuva.jpg\",\"contentUrl\":\"https:\\\/\\\/claro.fi\\\/en\\\/wp-content\\\/uploads\\\/sites\\\/3\\\/2020\\\/04\\\/claro-RESILIENCE-PROFILE-paakuva.jpg\",\"width\":1024,\"height\":600},{\"@type\":\"BreadcrumbList\",\"@id\":\"https:\\\/\\\/claro.fi\\\/en\\\/claro-tools\\\/resilience-profile\\\/#breadcrumb\",\"itemListElement\":[{\"@type\":\"ListItem\",\"position\":1,\"name\":\"Home\",\"item\":\"https:\\\/\\\/claro.fi\\\/en\\\/\"},{\"@type\":\"ListItem\",\"position\":2,\"name\":\"Claro tools\",\"item\":\"https:\\\/\\\/claro.fi\\\/en\\\/claro-tools\\\/\"},{\"@type\":\"ListItem\",\"position\":3,\"name\":\"RESILIENCE PROFILE\"}]},{\"@type\":\"WebSite\",\"@id\":\"\\\/#website\",\"url\":\"\\\/\",\"name\":\"Claro Leaders Oy - EN\",\"description\":\"Claro Leaders Oy on erikoistunut hallitus- ja johtoryhm\u00e4ty\u00f6n mittaamiseen ja kehitt\u00e4miseen\",\"potentialAction\":[{\"@type\":\"SearchAction\",\"target\":{\"@type\":\"EntryPoint\",\"urlTemplate\":\"\\\/?s={search_term_string}\"},\"query-input\":{\"@type\":\"PropertyValueSpecification\",\"valueRequired\":true,\"valueName\":\"search_term_string\"}}],\"inLanguage\":\"en-US\"}]}<\/script>\n<!-- \/ Yoast SEO plugin. -->","yoast_head_json":{"title":"RESILIENCE PROFILE - Claro Leaders Oy - EN","robots":{"index":"index","follow":"follow","max-snippet":"max-snippet:-1","max-image-preview":"max-image-preview:large","max-video-preview":"max-video-preview:-1"},"canonical":"https:\/\/claro.fi\/en\/claro-tools\/resilience-profile\/","og_locale":"en_US","og_type":"article","og_title":"RESILIENCE PROFILE - Claro Leaders Oy - EN","og_description":"RESILIENCE PROFILE \u2013 measuring your resilience in change situations WHAT? \u2013 Analyzing the current change management competency of the leadership team Recognizing the capabilities of individuals in change management (threats and opportunities) Measuring the resilience of the leadership team \/ team (strengths and risks) WHY? Very practical and quick to execute To support and improve [&hellip;]","og_url":"https:\/\/claro.fi\/en\/claro-tools\/resilience-profile\/","og_site_name":"Claro Leaders Oy - EN","article_modified_time":"2020-06-04T15:04:50+00:00","og_image":[{"width":1024,"height":600,"url":"https:\/\/claro.fi\/en\/wp-content\/uploads\/sites\/3\/2020\/04\/claro-RESILIENCE-PROFILE-paakuva.jpg","type":"image\/jpeg"}],"twitter_card":"summary_large_image","twitter_misc":{"Est. reading time":"1 minute"},"schema":{"@context":"https:\/\/schema.org","@graph":[{"@type":"WebPage","@id":"https:\/\/claro.fi\/en\/claro-tools\/resilience-profile\/","url":"https:\/\/claro.fi\/en\/claro-tools\/resilience-profile\/","name":"RESILIENCE PROFILE - Claro Leaders Oy - EN","isPartOf":{"@id":"\/#website"},"primaryImageOfPage":{"@id":"https:\/\/claro.fi\/en\/claro-tools\/resilience-profile\/#primaryimage"},"image":{"@id":"https:\/\/claro.fi\/en\/claro-tools\/resilience-profile\/#primaryimage"},"thumbnailUrl":"https:\/\/claro.fi\/en\/wp-content\/uploads\/sites\/3\/2020\/04\/claro-RESILIENCE-PROFILE-paakuva.jpg","datePublished":"2020-04-19T09:29:31+00:00","dateModified":"2020-06-04T15:04:50+00:00","breadcrumb":{"@id":"https:\/\/claro.fi\/en\/claro-tools\/resilience-profile\/#breadcrumb"},"inLanguage":"en-US","potentialAction":[{"@type":"ReadAction","target":["https:\/\/claro.fi\/en\/claro-tools\/resilience-profile\/"]}]},{"@type":"ImageObject","inLanguage":"en-US","@id":"https:\/\/claro.fi\/en\/claro-tools\/resilience-profile\/#primaryimage","url":"https:\/\/claro.fi\/en\/wp-content\/uploads\/sites\/3\/2020\/04\/claro-RESILIENCE-PROFILE-paakuva.jpg","contentUrl":"https:\/\/claro.fi\/en\/wp-content\/uploads\/sites\/3\/2020\/04\/claro-RESILIENCE-PROFILE-paakuva.jpg","width":1024,"height":600},{"@type":"BreadcrumbList","@id":"https:\/\/claro.fi\/en\/claro-tools\/resilience-profile\/#breadcrumb","itemListElement":[{"@type":"ListItem","position":1,"name":"Home","item":"https:\/\/claro.fi\/en\/"},{"@type":"ListItem","position":2,"name":"Claro tools","item":"https:\/\/claro.fi\/en\/claro-tools\/"},{"@type":"ListItem","position":3,"name":"RESILIENCE PROFILE"}]},{"@type":"WebSite","@id":"\/#website","url":"\/","name":"Claro Leaders Oy - EN","description":"Claro Leaders Oy on erikoistunut hallitus- ja johtoryhm\u00e4ty\u00f6n mittaamiseen ja kehitt\u00e4miseen","potentialAction":[{"@type":"SearchAction","target":{"@type":"EntryPoint","urlTemplate":"\/?s={search_term_string}"},"query-input":{"@type":"PropertyValueSpecification","valueRequired":true,"valueName":"search_term_string"}}],"inLanguage":"en-US"}]}},"uagb_featured_image_src":{"full":["https:\/\/claro.fi\/en\/wp-content\/uploads\/sites\/3\/2020\/04\/claro-RESILIENCE-PROFILE-paakuva.jpg",1024,600,false],"thumbnail":["https:\/\/claro.fi\/en\/wp-content\/uploads\/sites\/3\/2020\/04\/claro-RESILIENCE-PROFILE-paakuva-150x150.jpg",150,150,true],"medium":["https:\/\/claro.fi\/en\/wp-content\/uploads\/sites\/3\/2020\/04\/claro-RESILIENCE-PROFILE-paakuva-300x176.jpg",300,176,true],"medium_large":["https:\/\/claro.fi\/en\/wp-content\/uploads\/sites\/3\/2020\/04\/claro-RESILIENCE-PROFILE-paakuva-768x450.jpg",768,450,true],"large":["https:\/\/claro.fi\/en\/wp-content\/uploads\/sites\/3\/2020\/04\/claro-RESILIENCE-PROFILE-paakuva.jpg",1024,600,false],"1536x1536":["https:\/\/claro.fi\/en\/wp-content\/uploads\/sites\/3\/2020\/04\/claro-RESILIENCE-PROFILE-paakuva.jpg",1024,600,false],"2048x2048":["https:\/\/claro.fi\/en\/wp-content\/uploads\/sites\/3\/2020\/04\/claro-RESILIENCE-PROFILE-paakuva.jpg",1024,600,false]},"uagb_author_info":{"display_name":"admin","author_link":"https:\/\/claro.fi\/en\/news-and-blog\/author\/admin\/"},"uagb_comment_info":0,"uagb_excerpt":"RESILIENCE PROFILE \u2013 measuring your resilience in change situations WHAT? \u2013 Analyzing the current change management competency of the leadership team Recognizing the capabilities of individuals in change management (threats and opportunities) Measuring the resilience of the leadership team \/ team (strengths and risks) WHY? Very practical and quick to execute To support and improve&hellip;","_links":{"self":[{"href":"https:\/\/claro.fi\/en\/wp-json\/wp\/v2\/pages\/516","targetHints":{"allow":["GET"]}}],"collection":[{"href":"https:\/\/claro.fi\/en\/wp-json\/wp\/v2\/pages"}],"about":[{"href":"https:\/\/claro.fi\/en\/wp-json\/wp\/v2\/types\/page"}],"author":[{"embeddable":true,"href":"https:\/\/claro.fi\/en\/wp-json\/wp\/v2\/users\/1"}],"replies":[{"embeddable":true,"href":"https:\/\/claro.fi\/en\/wp-json\/wp\/v2\/comments?post=516"}],"version-history":[{"count":19,"href":"https:\/\/claro.fi\/en\/wp-json\/wp\/v2\/pages\/516\/revisions"}],"predecessor-version":[{"id":1825,"href":"https:\/\/claro.fi\/en\/wp-json\/wp\/v2\/pages\/516\/revisions\/1825"}],"up":[{"embeddable":true,"href":"https:\/\/claro.fi\/en\/wp-json\/wp\/v2\/pages\/24"}],"wp:featuredmedia":[{"embeddable":true,"href":"https:\/\/claro.fi\/en\/wp-json\/wp\/v2\/media\/968"}],"wp:attachment":[{"href":"https:\/\/claro.fi\/en\/wp-json\/wp\/v2\/media?parent=516"}],"curies":[{"name":"wp","href":"https:\/\/api.w.org\/{rel}","templated":true}]}}