{"id":417,"date":"2020-04-15T22:21:47","date_gmt":"2020-04-15T19:21:47","guid":{"rendered":"https:\/\/claro.fi\/en\/?page_id=417"},"modified":"2020-05-24T22:14:09","modified_gmt":"2020-05-24T19:14:09","slug":"arkisto","status":"publish","type":"page","link":"https:\/\/claro.fi\/en\/news-and-blog\/arkisto\/","title":{"rendered":"Archive"},"content":{"rendered":"\n\t\t\t<div class=\"wp-block-uagb-post-grid uagb-post-grid  uagb-post__image-position-top uagb-post__image-enabled uagb-block-9b51d819-3c08-4834-981f-4fb57354a4ba     uagb-post__items uagb-post__columns-1 is-grid uagb-post__columns-tablet-2 uagb-post__columns-mobile-1 uagb-post__equal-height\" data-total=\"1\" style=\"\">\n\n\t\t\t\t\t\t\t\t\t\t\t\t<article class=\"uagb-post__inner-wrap\">\t\t\t\t\t\t\t\t<h4 class=\"uagb-post__title uagb-post__text\">\n\t\t\t\t<a href=\"https:\/\/claro.fi\/en\/news-and-blog\/director-general-of-the-state-treasury-timo-laitinen\/\" target=\"_blank\" rel=\"bookmark noopener noreferrer\">Director General of the State Treasury Timo Laitinen<\/a>\n\t\t\t<\/h4>\n\t\t\t\t\t\t<div class='uagb-post__text uagb-post-grid-byline'>\n\t\t\t\t\t\t\t\t<time datetime=\"2020-10-05T18:43:00+03:00\" class=\"uagb-post__date\">\n\t\t\t\t<span class=\"dashicons-calendar dashicons\"><\/span>\t\t\t\t\t05\/10\/2020\t\t\t\t<\/time>\n\t\t\t\t\t\t<\/div>\n\t\t\t\t\t\t\t<div class='uagb-post__text uagb-post__excerpt'>\n\t\t\t\t\t<p>Claro Leaders Oy l\u00e4hti 10-vuotisjuhlavuoden kunniaksi selvitt\u00e4m\u00e4\u00e4n, miten erilaisten yritysten ja organisaatioiden ylin johto on&#8230;\t\t\t\t<\/div>\n\t\t\t\t\t\t<div class=\"uagb-post__text uagb-post__cta wp-block-button\">\n\t\t\t\t<a class=\"wp-block-button__link uagb-text-link\" style=\"\" href=\"https:\/\/claro.fi\/en\/news-and-blog\/director-general-of-the-state-treasury-timo-laitinen\/\" target=\"_blank\" rel=\"bookmark noopener noreferrer\">Read more<\/a>\n\t\t\t<\/div>\n\t\t\t\n\t\t\t\t\t\t\t\t\t<\/article>\n\t\t\t\t\t\t\t\t\t\t\t\t\t\t\t\t<article class=\"uagb-post__inner-wrap\">\t\t\t\t\t\t\t\t<h4 class=\"uagb-post__title uagb-post__text\">\n\t\t\t\t<a href=\"https:\/\/claro.fi\/en\/news-and-blog\/why-this-people-business-is-so-important\/\" target=\"_blank\" rel=\"bookmark noopener noreferrer\">Why this People Business is so Important<\/a>\n\t\t\t<\/h4>\n\t\t\t\t\t\t<div class='uagb-post__text uagb-post-grid-byline'>\n\t\t\t\t\t\t\t\t<time datetime=\"2020-10-02T17:30:42+03:00\" class=\"uagb-post__date\">\n\t\t\t\t<span class=\"dashicons-calendar dashicons\"><\/span>\t\t\t\t\t02\/10\/2020\t\t\t\t<\/time>\n\t\t\t\t\t\t<\/div>\n\t\t\t\t\t\t\t<div class='uagb-post__text uagb-post__excerpt'>\n\t\t\t\t\t<p>I have to admit that sometimes I get a little frustrated when I can\u2019t seem&#8230;\t\t\t\t<\/div>\n\t\t\t\t\t\t<div class=\"uagb-post__text uagb-post__cta wp-block-button\">\n\t\t\t\t<a class=\"wp-block-button__link uagb-text-link\" style=\"\" href=\"https:\/\/claro.fi\/en\/news-and-blog\/why-this-people-business-is-so-important\/\" target=\"_blank\" rel=\"bookmark noopener noreferrer\">Read more<\/a>\n\t\t\t<\/div>\n\t\t\t\n\t\t\t\t\t\t\t\t\t<\/article>\n\t\t\t\t\t\t\t\t\t\t\t\t\t\t\t\t<article class=\"uagb-post__inner-wrap\">\t\t\t\t\t\t\t\t<h4 class=\"uagb-post__title uagb-post__text\">\n\t\t\t\t<a href=\"https:\/\/claro.fi\/en\/news-and-blog\/the-catlow-show-live-with-narrative-big-five\/\" target=\"_blank\" rel=\"bookmark noopener noreferrer\">The Catlow Show Live with Narrative Big Five<\/a>\n\t\t\t<\/h4>\n\t\t\t\t\t\t<div class='uagb-post__text uagb-post-grid-byline'>\n\t\t\t\t\t\t\t\t<time datetime=\"2020-09-09T17:27:18+03:00\" class=\"uagb-post__date\">\n\t\t\t\t<span class=\"dashicons-calendar dashicons\"><\/span>\t\t\t\t\t09\/09\/2020\t\t\t\t<\/time>\n\t\t\t\t\t\t<\/div>\n\t\t\t\t\t\t\t<div class='uagb-post__text uagb-post__excerpt'>\n\t\t\t\t\t<p>https:\/\/www.facebook.com\/watch\/?v=311646229893195&amp;extid=l5stiJgn9Lx4NmQM<\/p>\n\t\t\t\t<\/div>\n\t\t\t\t\t\t<div class=\"uagb-post__text uagb-post__cta wp-block-button\">\n\t\t\t\t<a class=\"wp-block-button__link uagb-text-link\" style=\"\" href=\"https:\/\/claro.fi\/en\/news-and-blog\/the-catlow-show-live-with-narrative-big-five\/\" target=\"_blank\" rel=\"bookmark noopener noreferrer\">Read more<\/a>\n\t\t\t<\/div>\n\t\t\t\n\t\t\t\t\t\t\t\t\t<\/article>\n\t\t\t\t\t\t\t\t\t\t\t\t\t\t\t\t<article class=\"uagb-post__inner-wrap\">\t\t\t\t\t\t\t\t<h4 class=\"uagb-post__title uagb-post__text\">\n\t\t\t\t<a href=\"https:\/\/claro.fi\/en\/news-and-blog\/interview-founder-and-managing-partner-narrative-big-five\/\" target=\"_blank\" rel=\"bookmark noopener noreferrer\">Interview &#8211; Founder and Managing Partner,  Narrative Big Five<\/a>\n\t\t\t<\/h4>\n\t\t\t\t\t\t<div class='uagb-post__text uagb-post-grid-byline'>\n\t\t\t\t\t\t\t\t<time datetime=\"2020-08-31T17:17:06+03:00\" class=\"uagb-post__date\">\n\t\t\t\t<span class=\"dashicons-calendar dashicons\"><\/span>\t\t\t\t\t31\/08\/2020\t\t\t\t<\/time>\n\t\t\t\t\t\t<\/div>\n\t\t\t\t\t\t\t<div class='uagb-post__text uagb-post__excerpt'>\n\t\t\t\t\t<p>www.linkedin.com\/feed\/update\/urn:li:activity:6706584597205004288\/<\/p>\n\t\t\t\t<\/div>\n\t\t\t\t\t\t<div class=\"uagb-post__text uagb-post__cta wp-block-button\">\n\t\t\t\t<a class=\"wp-block-button__link uagb-text-link\" style=\"\" href=\"https:\/\/claro.fi\/en\/news-and-blog\/interview-founder-and-managing-partner-narrative-big-five\/\" target=\"_blank\" rel=\"bookmark noopener noreferrer\">Read more<\/a>\n\t\t\t<\/div>\n\t\t\t\n\t\t\t\t\t\t\t\t\t<\/article>\n\t\t\t\t\t\t\t\t\t\t\t\t\t\t\t\t<article class=\"uagb-post__inner-wrap\">\t\t\t\t\t\t\t\t<h4 class=\"uagb-post__title uagb-post__text\">\n\t\t\t\t<a href=\"https:\/\/claro.fi\/en\/news-and-blog\/clarolaiset-ovat-saaneet-joukkoomme-uuden-upean-osaajan\/\" target=\"_blank\" rel=\"bookmark noopener noreferrer\">Clarolaiset ovat saaneet joukkoomme uuden upean osaajan<\/a>\n\t\t\t<\/h4>\n\t\t\t\t\t\t<div class='uagb-post__text uagb-post-grid-byline'>\n\t\t\t\t\t\t\t\t<time datetime=\"2020-05-14T21:17:37+03:00\" class=\"uagb-post__date\">\n\t\t\t\t<span class=\"dashicons-calendar dashicons\"><\/span>\t\t\t\t\t14\/05\/2020\t\t\t\t<\/time>\n\t\t\t\t\t\t<\/div>\n\t\t\t\t\t\t\t<div class='uagb-post__text uagb-post__excerpt'>\n\t\t\t\t\t<p>Clarolaiset ovat saaneet joukkoomme uuden upean osaajan, Eija Holmstr\u00f6min, Senior Konsultiksi asiakasprojekteihimme. L\u00e4mpim\u00e4sti tervetuloa Eija!&#8230;\t\t\t\t<\/div>\n\t\t\t\t\t\t<div class=\"uagb-post__text uagb-post__cta wp-block-button\">\n\t\t\t\t<a class=\"wp-block-button__link uagb-text-link\" style=\"\" href=\"https:\/\/claro.fi\/en\/news-and-blog\/clarolaiset-ovat-saaneet-joukkoomme-uuden-upean-osaajan\/\" target=\"_blank\" rel=\"bookmark noopener noreferrer\">Read more<\/a>\n\t\t\t<\/div>\n\t\t\t\n\t\t\t\t\t\t\t\t\t<\/article>\n\t\t\t\t\t\t\t\t\t\t\t\t\t\t\t\t<article class=\"uagb-post__inner-wrap\">\t\t\t\t\t\t\t\t<h4 class=\"uagb-post__title uagb-post__text\">\n\t\t\t\t<a href=\"https:\/\/claro.fi\/en\/news-and-blog\/claro-siirtanyt-kevaan-2020-narrative-big-five-sertifiointikurssit-online-valmennuksiksi\/\" target=\"_blank\" rel=\"bookmark noopener noreferrer\">Claro siirt\u00e4nyt kev\u00e4\u00e4n 2020 Narrative Big Five -sertifiointikurssit ONLINE valmennuksiksi<\/a>\n\t\t\t<\/h4>\n\t\t\t\t\t\t<div class='uagb-post__text uagb-post-grid-byline'>\n\t\t\t\t\t\t\t\t<time datetime=\"2020-03-30T20:11:58+03:00\" class=\"uagb-post__date\">\n\t\t\t\t<span class=\"dashicons-calendar dashicons\"><\/span>\t\t\t\t\t30\/03\/2020\t\t\t\t<\/time>\n\t\t\t\t\t\t<\/div>\n\t\t\t\t\t\t\t<div class='uagb-post__text uagb-post__excerpt'>\n\t\t\t\t\t<p>Nyt olisi mahdollisuus saada maailman tutkituimpaan malliin pohjautuva Narrative Big Five -tiimi- ja henkil\u00f6arviointity\u00f6kalun sertifiointi&#8230;\t\t\t\t<\/div>\n\t\t\t\t\t\t<div class=\"uagb-post__text uagb-post__cta wp-block-button\">\n\t\t\t\t<a class=\"wp-block-button__link uagb-text-link\" style=\"\" href=\"https:\/\/claro.fi\/en\/news-and-blog\/claro-siirtanyt-kevaan-2020-narrative-big-five-sertifiointikurssit-online-valmennuksiksi\/\" target=\"_blank\" rel=\"bookmark noopener noreferrer\">Read more<\/a>\n\t\t\t<\/div>\n\t\t\t\n\t\t\t\t\t\t\t\t\t<\/article>\n\t\t\t\t\t\t\t\t\t\t\t\t\t\t\t\t<article class=\"uagb-post__inner-wrap\">\t\t\t\t\t\t\t\t<h4 class=\"uagb-post__title uagb-post__text\">\n\t\t\t\t<a href=\"https:\/\/claro.fi\/en\/news-and-blog\/assessing-motivation-peeling-back-the-layers-of-the-complex-huma\/\" target=\"_blank\" rel=\"bookmark noopener noreferrer\">Assessing Motivation &#8211; Peeling Back the Layers of the Complex Human<\/a>\n\t\t\t<\/h4>\n\t\t\t\t\t\t<div class='uagb-post__text uagb-post-grid-byline'>\n\t\t\t\t\t\t\t\t<time datetime=\"2019-10-30T20:08:11+02:00\" class=\"uagb-post__date\">\n\t\t\t\t<span class=\"dashicons-calendar dashicons\"><\/span>\t\t\t\t\t30\/10\/2019\t\t\t\t<\/time>\n\t\t\t\t\t\t<\/div>\n\t\t\t\t\t\t\t<div class='uagb-post__text uagb-post__excerpt'>\n\t\t\t\t\t<p>While I often talk about personality, there are many additional layers that form the complex&#8230;\t\t\t\t<\/div>\n\t\t\t\t\t\t<div class=\"uagb-post__text uagb-post__cta wp-block-button\">\n\t\t\t\t<a class=\"wp-block-button__link uagb-text-link\" style=\"\" href=\"https:\/\/claro.fi\/en\/news-and-blog\/assessing-motivation-peeling-back-the-layers-of-the-complex-huma\/\" target=\"_blank\" rel=\"bookmark noopener noreferrer\">Read more<\/a>\n\t\t\t<\/div>\n\t\t\t\n\t\t\t\t\t\t\t\t\t<\/article>\n\t\t\t\t\t\t\t\t\t\t\t\t\t\t\t\t<article class=\"uagb-post__inner-wrap\">\t\t\t\t\t\t\t\t<h4 class=\"uagb-post__title uagb-post__text\">\n\t\t\t\t<a href=\"https:\/\/claro.fi\/en\/news-and-blog\/claro-on-tuonut-uuden-modernin-maailmanluokan-henkiloarviointityokalun-narrative-big-fiven-suomeen\/\" target=\"_blank\" rel=\"bookmark noopener noreferrer\">CLARO on tuonut uuden modernin maailmanluokan henkil\u00f6arviointity\u00f6kalun \u2013 Narrative Big Fiven Suomeen<\/a>\n\t\t\t<\/h4>\n\t\t\t\t\t\t<div class='uagb-post__text uagb-post-grid-byline'>\n\t\t\t\t\t\t\t\t<time datetime=\"2019-08-01T20:05:45+03:00\" class=\"uagb-post__date\">\n\t\t\t\t<span class=\"dashicons-calendar dashicons\"><\/span>\t\t\t\t\t01\/08\/2019\t\t\t\t<\/time>\n\t\t\t\t\t\t<\/div>\n\t\t\t\t\t\t\t<div class='uagb-post__text uagb-post__excerpt'>\n\t\t\t\t\t<p>Claro Leaders on tuonut Suomeen uuden maailmanluokan henkil\u00f6arvioinnin ty\u00f6kalun, Narrative Big Fiven. Ty\u00f6kalu on nykyaikaiseen,&#8230;\t\t\t\t<\/div>\n\t\t\t\t\t\t<div class=\"uagb-post__text uagb-post__cta wp-block-button\">\n\t\t\t\t<a class=\"wp-block-button__link uagb-text-link\" style=\"\" href=\"https:\/\/claro.fi\/en\/news-and-blog\/claro-on-tuonut-uuden-modernin-maailmanluokan-henkiloarviointityokalun-narrative-big-fiven-suomeen\/\" target=\"_blank\" rel=\"bookmark noopener noreferrer\">Read more<\/a>\n\t\t\t<\/div>\n\t\t\t\n\t\t\t\t\t\t\t\t\t<\/article>\n\t\t\t\t\t\t\t\t\t\t\t\t\t\t\t\t<article class=\"uagb-post__inner-wrap\">\t\t\t\t\t\t\t\t<h4 class=\"uagb-post__title uagb-post__text\">\n\t\t\t\t<a href=\"https:\/\/claro.fi\/en\/news-and-blog\/uusi-tietosuoja-asetus-gdpr-tulee-oletko-valmis\/\" target=\"_blank\" rel=\"bookmark noopener noreferrer\">Uusi tietosuoja-asetus (GDPR) tulee \u2013 oletko valmis?<\/a>\n\t\t\t<\/h4>\n\t\t\t\t\t\t<div class='uagb-post__text uagb-post-grid-byline'>\n\t\t\t\t\t\t\t\t<time datetime=\"2018-05-24T20:00:34+03:00\" class=\"uagb-post__date\">\n\t\t\t\t<span class=\"dashicons-calendar dashicons\"><\/span>\t\t\t\t\t24\/05\/2018\t\t\t\t<\/time>\n\t\t\t\t\t\t<\/div>\n\t\t\t\t\t\t\t<div class='uagb-post__text uagb-post__excerpt'>\n\t\t\t\t\t<p>GDPR astuu voimaan nyt 25. toukokuuta 2018. Eurooppalaisten yritysten t\u00e4ytyy tuona p\u00e4iv\u00e4n\u00e4 toimia GDPR:n mukaisesti&#8230;\t\t\t\t<\/div>\n\t\t\t\t\t\t<div class=\"uagb-post__text uagb-post__cta wp-block-button\">\n\t\t\t\t<a class=\"wp-block-button__link uagb-text-link\" style=\"\" href=\"https:\/\/claro.fi\/en\/news-and-blog\/uusi-tietosuoja-asetus-gdpr-tulee-oletko-valmis\/\" target=\"_blank\" rel=\"bookmark noopener noreferrer\">Read more<\/a>\n\t\t\t<\/div>\n\t\t\t\n\t\t\t\t\t\t\t\t\t<\/article>\n\t\t\t\t\t\t\t\t\t\t\t\t\t\t\t\t<article class=\"uagb-post__inner-wrap\">\t\t\t\t\t\t\t\t<h4 class=\"uagb-post__title uagb-post__text\">\n\t\t\t\t<a href=\"https:\/\/claro.fi\/en\/news-and-blog\/palaute\/\" target=\"_blank\" rel=\"bookmark noopener noreferrer\">Palaute<\/a>\n\t\t\t<\/h4>\n\t\t\t\t\t\t<div class='uagb-post__text uagb-post-grid-byline'>\n\t\t\t\t\t\t\t\t<time datetime=\"2017-01-16T19:59:27+02:00\" class=\"uagb-post__date\">\n\t\t\t\t<span class=\"dashicons-calendar dashicons\"><\/span>\t\t\t\t\t16\/01\/2017\t\t\t\t<\/time>\n\t\t\t\t\t\t<\/div>\n\t\t\t\t\t\t\t<div class='uagb-post__text uagb-post__excerpt'>\n\t\t\t\t\t<p>Milloin viimeksi annoit (positiivista) palautetta?\u00a0 Palautteen antaminen on taitolaji. Ei se mit\u00e4 sanotaan vaan miten&#8230;\t\t\t\t<\/div>\n\t\t\t\t\t\t<div class=\"uagb-post__text uagb-post__cta wp-block-button\">\n\t\t\t\t<a class=\"wp-block-button__link uagb-text-link\" style=\"\" href=\"https:\/\/claro.fi\/en\/news-and-blog\/palaute\/\" target=\"_blank\" rel=\"bookmark noopener noreferrer\">Read more<\/a>\n\t\t\t<\/div>\n\t\t\t\n\t\t\t\t\t\t\t\t\t<\/article>\n\t\t\t\t\t\t\t\t\t\t\t\t\t\t\t\t<article class=\"uagb-post__inner-wrap\">\t\t\t\t\t\t\t\t<h4 class=\"uagb-post__title uagb-post__text\">\n\t\t\t\t<a href=\"https:\/\/claro.fi\/en\/news-and-blog\/miksi-ajanhallintaa\/\" target=\"_blank\" rel=\"bookmark noopener noreferrer\">Miksi ajanhallintaa?<\/a>\n\t\t\t<\/h4>\n\t\t\t\t\t\t<div class='uagb-post__text uagb-post-grid-byline'>\n\t\t\t\t\t\t\t\t<time datetime=\"2016-12-20T19:57:59+02:00\" class=\"uagb-post__date\">\n\t\t\t\t<span class=\"dashicons-calendar dashicons\"><\/span>\t\t\t\t\t20\/12\/2016\t\t\t\t<\/time>\n\t\t\t\t\t\t<\/div>\n\t\t\t\t\t\t\t<div class='uagb-post__text uagb-post__excerpt'>\n\t\t\t\t\t<p>Yksi itsens\u00e4 johtamisen keino on ajanhallinta. Mutta kuinka aikaa pit\u00e4isi hallita? Se kun ei pys\u00e4hdy&#8230;\t\t\t\t<\/div>\n\t\t\t\t\t\t<div class=\"uagb-post__text uagb-post__cta wp-block-button\">\n\t\t\t\t<a class=\"wp-block-button__link uagb-text-link\" style=\"\" href=\"https:\/\/claro.fi\/en\/news-and-blog\/miksi-ajanhallintaa\/\" target=\"_blank\" rel=\"bookmark noopener noreferrer\">Read more<\/a>\n\t\t\t<\/div>\n\t\t\t\n\t\t\t\t\t\t\t\t\t<\/article>\n\t\t\t\t\t\t\t\t\t\t\t\t\t\t\t\t<article class=\"uagb-post__inner-wrap\">\t\t\t\t\t\t\t\t<h4 class=\"uagb-post__title uagb-post__text\">\n\t\t\t\t<a href=\"https:\/\/claro.fi\/en\/news-and-blog\/claro-leaders-on-laajentanut-toimintansa-usahan\/\" target=\"_blank\" rel=\"bookmark noopener noreferrer\">CLARO LEADERS ON LAAJENTANUT TOIMINTANSA USA:HAN.<\/a>\n\t\t\t<\/h4>\n\t\t\t\t\t\t<div class='uagb-post__text uagb-post-grid-byline'>\n\t\t\t\t\t\t\t\t<time datetime=\"2015-12-17T19:56:11+02:00\" class=\"uagb-post__date\">\n\t\t\t\t<span class=\"dashicons-calendar dashicons\"><\/span>\t\t\t\t\t17\/12\/2015\t\t\t\t<\/time>\n\t\t\t\t\t\t<\/div>\n\t\t\t\t\t\t\t<div class='uagb-post__text uagb-post__excerpt'>\n\t\t\t\t\t<p>Claro Leaders on k\u00e4ynnist\u00e4nyt toimintansa USA:ssa syksyll\u00e4 2015. Claron toimisto sijaitsee Dallasissa, mutta Claron johtamisen&#8230;\t\t\t\t<\/div>\n\t\t\t\t\t\t<div class=\"uagb-post__text uagb-post__cta wp-block-button\">\n\t\t\t\t<a class=\"wp-block-button__link uagb-text-link\" style=\"\" href=\"https:\/\/claro.fi\/en\/news-and-blog\/claro-leaders-on-laajentanut-toimintansa-usahan\/\" target=\"_blank\" rel=\"bookmark noopener noreferrer\">Read more<\/a>\n\t\t\t<\/div>\n\t\t\t\n\t\t\t\t\t\t\t\t\t<\/article>\n\t\t\t\t\t\t\t\t\t\t\t\t\t\t\t\t<article class=\"uagb-post__inner-wrap\">\t\t\t\t\t\t\t\t<h4 class=\"uagb-post__title uagb-post__text\">\n\t\t\t\t<a href=\"https:\/\/claro.fi\/en\/news-and-blog\/coaching-by-walking-kokeile-kahden-hyvan-asian-menestyksekasta-yhdistamista\/\" target=\"_blank\" rel=\"bookmark noopener noreferrer\">Coaching by walking &#8211; kokeile kahden hyv\u00e4n asian menestyksek\u00e4st\u00e4 yhdist\u00e4mist\u00e4!<\/a>\n\t\t\t<\/h4>\n\t\t\t\t\t\t<div class='uagb-post__text uagb-post-grid-byline'>\n\t\t\t\t\t\t\t\t<time datetime=\"2013-10-15T19:01:25+03:00\" class=\"uagb-post__date\">\n\t\t\t\t<span class=\"dashicons-calendar dashicons\"><\/span>\t\t\t\t\t15\/10\/2013\t\t\t\t<\/time>\n\t\t\t\t\t\t<\/div>\n\t\t\t\t\t\t\t<div class='uagb-post__text uagb-post__excerpt'>\n\t\t\t\t\t<p>Johtamisen ja johtoryhm\u00e4ty\u00f6n kehitt\u00e4miseen erikoistunut Claro Leaders Oy tarjoaa toimitusjohtajille executive coaching -ohjelmaa, jossa saadaan&#8230;\t\t\t\t<\/div>\n\t\t\t\t\t\t<div class=\"uagb-post__text uagb-post__cta wp-block-button\">\n\t\t\t\t<a class=\"wp-block-button__link uagb-text-link\" style=\"\" href=\"https:\/\/claro.fi\/en\/news-and-blog\/coaching-by-walking-kokeile-kahden-hyvan-asian-menestyksekasta-yhdistamista\/\" target=\"_blank\" rel=\"bookmark noopener noreferrer\">Read more<\/a>\n\t\t\t<\/div>\n\t\t\t\n\t\t\t\t\t\t\t\t\t<\/article>\n\t\t\t\t\t\t\t\t\t\t\t\t\t\t\t\t<article class=\"uagb-post__inner-wrap\">\t\t\t\t\t\t\t\t<h4 class=\"uagb-post__title uagb-post__text\">\n\t\t\t\t<a href=\"https:\/\/claro.fi\/en\/news-and-blog\/lue-kauppalehti-option-juttu-claron-uudesta-henkiloarviointityokalusta-workplace-big-fivesta\/\" target=\"_blank\" rel=\"bookmark noopener noreferrer\">Lue Kauppalehti Option juttu CLAROn uudesta henkil\u00f6arviointity\u00f6kalusta WorkPlace Big Fivesta:<\/a>\n\t\t\t<\/h4>\n\t\t\t\t\t\t<div class='uagb-post__text uagb-post-grid-byline'>\n\t\t\t\t\t\t\t\t<time datetime=\"2012-03-22T19:54:58+02:00\" class=\"uagb-post__date\">\n\t\t\t\t<span class=\"dashicons-calendar dashicons\"><\/span>\t\t\t\t\t22\/03\/2012\t\t\t\t<\/time>\n\t\t\t\t\t\t<\/div>\n\t\t\t\t\t\t\t<div class='uagb-post__text uagb-post__excerpt'>\n\t\t\t\t\t<p>http:\/\/www.claro.fi\/en\/datafiles\/userfiles\/File\/WorkPlace%20Big%20Five%20Kauppalehti%20Optio%20maaliskuu%202012.pdf<\/p>\n\t\t\t\t<\/div>\n\t\t\t\t\t\t<div class=\"uagb-post__text uagb-post__cta wp-block-button\">\n\t\t\t\t<a class=\"wp-block-button__link uagb-text-link\" style=\"\" href=\"https:\/\/claro.fi\/en\/news-and-blog\/lue-kauppalehti-option-juttu-claron-uudesta-henkiloarviointityokalusta-workplace-big-fivesta\/\" target=\"_blank\" rel=\"bookmark noopener noreferrer\">Read more<\/a>\n\t\t\t<\/div>\n\t\t\t\n\t\t\t\t\t\t\t\t\t<\/article>\n\t\t\t\t\t\t\t\t\t\t\t\t\t\t\t\t<article class=\"uagb-post__inner-wrap\">\t\t\t\t\t\t\t\t<h4 class=\"uagb-post__title uagb-post__text\">\n\t\t\t\t<a href=\"https:\/\/claro.fi\/en\/news-and-blog\/claro-toi-ensimmaisena-suomeen-workplace-big-five-tyokalun\/\" target=\"_blank\" rel=\"bookmark noopener noreferrer\">Claro toi ensimm\u00e4isen\u00e4 Suomeen WorkPlace Big Five -ty\u00f6kalun<\/a>\n\t\t\t<\/h4>\n\t\t\t\t\t\t<div class='uagb-post__text uagb-post-grid-byline'>\n\t\t\t\t\t\t\t\t<time datetime=\"2011-11-11T19:00:57+02:00\" class=\"uagb-post__date\">\n\t\t\t\t<span class=\"dashicons-calendar dashicons\"><\/span>\t\t\t\t\t11\/11\/2011\t\t\t\t<\/time>\n\t\t\t\t\t\t<\/div>\n\t\t\t\t\t\t\t<div class='uagb-post__text uagb-post__excerpt'>\n\t\t\t\t\t<p>Claro ja Centacs (Center for Applied Cognitive Studies) ovat sopineet yhteisty\u00f6st\u00e4 uuden henkil\u00f6arviointity\u00f6kalun k\u00e4yt\u00f6ss\u00e4. WorkPlace&#8230;\t\t\t\t<\/div>\n\t\t\t\t\t\t<div class=\"uagb-post__text uagb-post__cta wp-block-button\">\n\t\t\t\t<a class=\"wp-block-button__link uagb-text-link\" style=\"\" href=\"https:\/\/claro.fi\/en\/news-and-blog\/claro-toi-ensimmaisena-suomeen-workplace-big-five-tyokalun\/\" target=\"_blank\" rel=\"bookmark noopener noreferrer\">Read more<\/a>\n\t\t\t<\/div>\n\t\t\t\n\t\t\t\t\t\t\t\t\t<\/article>\n\t\t\t\t\t\t\t\t\t\t\t\t\t\t\t\t<article class=\"uagb-post__inner-wrap\">\t\t\t\t\t\t\t\t<h4 class=\"uagb-post__title uagb-post__text\">\n\t\t\t\t<a href=\"https:\/\/claro.fi\/en\/news-and-blog\/palkitsemisesta-innostamiseen-ja-tunteiden-johtamiseen\/\" target=\"_blank\" rel=\"bookmark noopener noreferrer\">Palkitsemisesta innostamiseen ja tunteiden johtamiseen<\/a>\n\t\t\t<\/h4>\n\t\t\t\t\t\t<div class='uagb-post__text uagb-post-grid-byline'>\n\t\t\t\t\t\t\t\t<time datetime=\"2011-05-04T19:00:55+03:00\" class=\"uagb-post__date\">\n\t\t\t\t<span class=\"dashicons-calendar dashicons\"><\/span>\t\t\t\t\t04\/05\/2011\t\t\t\t<\/time>\n\t\t\t\t\t\t<\/div>\n\t\t\t\t\t\t\t<div class='uagb-post__text uagb-post__excerpt'>\n\t\t\t\t\t<p>Jokainen ty\u00f6ntekij\u00e4n kokema tunne vaikuttaa eri tavalla h\u00e4nen suorituskykyyns\u00e4. T\u00e4m\u00e4n vuoksi yleisempien tunteiden tunnistaminen itsess\u00e4&#8230;\t\t\t\t<\/div>\n\t\t\t\t\t\t<div class=\"uagb-post__text uagb-post__cta wp-block-button\">\n\t\t\t\t<a class=\"wp-block-button__link uagb-text-link\" style=\"\" href=\"https:\/\/claro.fi\/en\/news-and-blog\/palkitsemisesta-innostamiseen-ja-tunteiden-johtamiseen\/\" target=\"_blank\" rel=\"bookmark noopener noreferrer\">Read more<\/a>\n\t\t\t<\/div>\n\t\t\t\n\t\t\t\t\t\t\t\t\t<\/article>\n\t\t\t\t\t\t\t\t\t\t\t\t\t\t\t\t<article class=\"uagb-post__inner-wrap\">\t\t\t\t\t\t\t\t<h4 class=\"uagb-post__title uagb-post__text\">\n\t\t\t\t<a href=\"https:\/\/claro.fi\/en\/news-and-blog\/claro-ja-gaia-yhteistyohon\/\" target=\"_blank\" rel=\"bookmark noopener noreferrer\">Claro ja GAIA yhteisty\u00f6h\u00f6n<\/a>\n\t\t\t<\/h4>\n\t\t\t\t\t\t<div class='uagb-post__text uagb-post-grid-byline'>\n\t\t\t\t\t\t\t\t<time datetime=\"2011-03-04T19:00:34+02:00\" class=\"uagb-post__date\">\n\t\t\t\t<span class=\"dashicons-calendar dashicons\"><\/span>\t\t\t\t\t04\/03\/2011\t\t\t\t<\/time>\n\t\t\t\t\t\t<\/div>\n\t\t\t\t\t\t\t<div class='uagb-post__text uagb-post__excerpt'>\n\t\t\t\t\t<p>Claro Leaders Oy ja GAIA Network Association ry ovat solmineet yhteisty\u00f6sopimuksen, jonka puitteissa Claro toimii&#8230;\t\t\t\t<\/div>\n\t\t\t\t\t\t<div class=\"uagb-post__text uagb-post__cta wp-block-button\">\n\t\t\t\t<a class=\"wp-block-button__link uagb-text-link\" style=\"\" href=\"https:\/\/claro.fi\/en\/news-and-blog\/claro-ja-gaia-yhteistyohon\/\" target=\"_blank\" rel=\"bookmark noopener noreferrer\">Read more<\/a>\n\t\t\t<\/div>\n\t\t\t\n\t\t\t\t\t\t\t\t\t<\/article>\n\t\t\t\t\t\t\t\t\t\t\t\t\t\t\t\t<article class=\"uagb-post__inner-wrap\">\t\t\t\t\t\t\t\t<h4 class=\"uagb-post__title uagb-post__text\">\n\t\t\t\t<a href=\"https:\/\/claro.fi\/en\/news-and-blog\/claron-aamiaistilaisuus-kiinnosti\/\" target=\"_blank\" rel=\"bookmark noopener noreferrer\">Claron aamiaistilaisuus kiinnosti<\/a>\n\t\t\t<\/h4>\n\t\t\t\t\t\t<div class='uagb-post__text uagb-post-grid-byline'>\n\t\t\t\t\t\t\t\t<time datetime=\"2010-10-05T19:00:57+03:00\" class=\"uagb-post__date\">\n\t\t\t\t<span class=\"dashicons-calendar dashicons\"><\/span>\t\t\t\t\t05\/10\/2010\t\t\t\t<\/time>\n\t\t\t\t\t\t<\/div>\n\t\t\t\t\t\t\t<div class='uagb-post__text uagb-post__excerpt'>\n\t\t\t\t\t<p>CLARO tulevaisuuden johtajuus &#8211; aamiaistilaisuus her\u00e4tti mielenkiintoa, paikalle saapui noin 100 kiinnostunutta. Hallituksen puheenjohtaja Martti&#8230;\t\t\t\t<\/div>\n\t\t\t\t\t\t<div class=\"uagb-post__text uagb-post__cta wp-block-button\">\n\t\t\t\t<a class=\"wp-block-button__link uagb-text-link\" style=\"\" href=\"https:\/\/claro.fi\/en\/news-and-blog\/claron-aamiaistilaisuus-kiinnosti\/\" target=\"_blank\" rel=\"bookmark noopener noreferrer\">Read more<\/a>\n\t\t\t<\/div>\n\t\t\t\n\t\t\t\t\t\t\t\t\t<\/article>\n\t\t\t\t\t\t\t\t\t\t\t\t\t\t\t\t<article class=\"uagb-post__inner-wrap\">\t\t\t\t\t\t\t\t<h4 class=\"uagb-post__title uagb-post__text\">\n\t\t\t\t<a href=\"https:\/\/claro.fi\/en\/news-and-blog\/kokeneet-liikkeenjohdon-konsultit-perustivat-uuden-yrityksen\/\" target=\"_blank\" rel=\"bookmark noopener noreferrer\">Kokeneet liikkeenjohdon konsultit perustivat uuden yrityksen<\/a>\n\t\t\t<\/h4>\n\t\t\t\t\t\t<div class='uagb-post__text uagb-post-grid-byline'>\n\t\t\t\t\t\t\t\t<time datetime=\"2010-09-01T19:00:53+03:00\" class=\"uagb-post__date\">\n\t\t\t\t<span class=\"dashicons-calendar dashicons\"><\/span>\t\t\t\t\t01\/09\/2010\t\t\t\t<\/time>\n\t\t\t\t\t\t<\/div>\n\t\t\t\t\t\t\t<div class='uagb-post__text uagb-post__excerpt'>\n\t\t\t\t\t<p>Lehdist\u00f6tiedote, julkaisuvapaa 1.9.2010 klo 10.00 Claro Leaders selvitti suomalaisjohtajien n\u00e4kemyksi\u00e4 johtamisen nykytilasta ja tulevaisuudesta Vain&#8230;\t\t\t\t<\/div>\n\t\t\t\t\t\t<div class=\"uagb-post__text uagb-post__cta wp-block-button\">\n\t\t\t\t<a class=\"wp-block-button__link uagb-text-link\" style=\"\" href=\"https:\/\/claro.fi\/en\/news-and-blog\/kokeneet-liikkeenjohdon-konsultit-perustivat-uuden-yrityksen\/\" target=\"_blank\" rel=\"bookmark noopener noreferrer\">Read more<\/a>\n\t\t\t<\/div>\n\t\t\t\n\t\t\t\t\t\t\t\t\t<\/article>\n\t\t\t\t\t\t\t\t\t\t\t\t\t\t\t\t<article class=\"uagb-post__inner-wrap\">\t\t\t\t\t\t\t\t<h4 class=\"uagb-post__title uagb-post__text\">\n\t\t\t\t<a href=\"https:\/\/claro.fi\/en\/news-and-blog\/claro-viitoittaa-tulevaisuuden-johtajuutta\/\" target=\"_blank\" rel=\"bookmark noopener noreferrer\">Claro viitoittaa tulevaisuuden johtajuutta<\/a>\n\t\t\t<\/h4>\n\t\t\t\t\t\t<div class='uagb-post__text uagb-post-grid-byline'>\n\t\t\t\t\t\t\t\t<time datetime=\"2010-08-11T19:00:52+03:00\" class=\"uagb-post__date\">\n\t\t\t\t<span class=\"dashicons-calendar dashicons\"><\/span>\t\t\t\t\t11\/08\/2010\t\t\t\t<\/time>\n\t\t\t\t\t\t<\/div>\n\t\t\t\t\t\t\t<div class='uagb-post__text uagb-post__excerpt'>\n\t\t\t\t\t<p>Lehdist\u00f6tiedote, julkaisuvapaa 15.8.2010 Kokeneet liikkeenjohdon konsultit perustivat uuden yrityksen Hein\u00e4kuussa 2010 perustettu Claro Leaders Oy&#8230;\t\t\t\t<\/div>\n\t\t\t\t\t\t<div class=\"uagb-post__text uagb-post__cta wp-block-button\">\n\t\t\t\t<a class=\"wp-block-button__link uagb-text-link\" style=\"\" href=\"https:\/\/claro.fi\/en\/news-and-blog\/claro-viitoittaa-tulevaisuuden-johtajuutta\/\" target=\"_blank\" rel=\"bookmark noopener noreferrer\">Read more<\/a>\n\t\t\t<\/div>\n\t\t\t\n\t\t\t\t\t\t\t\t\t<\/article>\n\t\t\t\t\t\t\t\t\t\t\t<\/div>\n\t\t\t","protected":false},"excerpt":{"rendered":"","protected":false},"author":1,"featured_media":0,"parent":29,"menu_order":0,"comment_status":"closed","ping_status":"closed","template":"keskitetty-sisalto-sivupohja.php","meta":{"_acf_changed":false,"_uag_custom_page_level_css":"","footnotes":""},"class_list":["post-417","page","type-page","status-publish","hentry"],"acf":[],"yoast_head":"<!-- This site is optimized with the Yoast SEO plugin v27.4 - https:\/\/yoast.com\/product\/yoast-seo-wordpress\/ -->\n<title>Archive - Claro Leaders Oy - EN<\/title>\n<meta name=\"robots\" content=\"index, follow, max-snippet:-1, max-image-preview:large, max-video-preview:-1\" \/>\n<link rel=\"canonical\" href=\"https:\/\/claro.fi\/en\/news-and-blog\/arkisto\/\" \/>\n<meta property=\"og:locale\" content=\"en_US\" \/>\n<meta property=\"og:type\" content=\"article\" \/>\n<meta property=\"og:title\" content=\"Archive - Claro Leaders Oy - EN\" \/>\n<meta property=\"og:url\" content=\"https:\/\/claro.fi\/en\/news-and-blog\/arkisto\/\" \/>\n<meta property=\"og:site_name\" content=\"Claro Leaders Oy - EN\" \/>\n<meta property=\"article:modified_time\" content=\"2020-05-24T19:14:09+00:00\" \/>\n<meta property=\"og:image\" content=\"https:\/\/claro.fi\/en\/wp-content\/uploads\/sites\/3\/2020\/05\/claro-somejakokuva.png\" \/>\n\t<meta property=\"og:image:width\" content=\"1200\" \/>\n\t<meta property=\"og:image:height\" content=\"630\" \/>\n\t<meta property=\"og:image:type\" content=\"image\/png\" \/>\n<meta name=\"twitter:card\" content=\"summary_large_image\" \/>\n<script type=\"application\/ld+json\" class=\"yoast-schema-graph\">{\"@context\":\"https:\\\/\\\/schema.org\",\"@graph\":[{\"@type\":\"WebPage\",\"@id\":\"https:\\\/\\\/claro.fi\\\/en\\\/news-and-blog\\\/arkisto\\\/\",\"url\":\"https:\\\/\\\/claro.fi\\\/en\\\/news-and-blog\\\/arkisto\\\/\",\"name\":\"Archive - Claro Leaders Oy - EN\",\"isPartOf\":{\"@id\":\"\\\/#website\"},\"datePublished\":\"2020-04-15T19:21:47+00:00\",\"dateModified\":\"2020-05-24T19:14:09+00:00\",\"breadcrumb\":{\"@id\":\"https:\\\/\\\/claro.fi\\\/en\\\/news-and-blog\\\/arkisto\\\/#breadcrumb\"},\"inLanguage\":\"en-US\",\"potentialAction\":[{\"@type\":\"ReadAction\",\"target\":[\"https:\\\/\\\/claro.fi\\\/en\\\/news-and-blog\\\/arkisto\\\/\"]}]},{\"@type\":\"BreadcrumbList\",\"@id\":\"https:\\\/\\\/claro.fi\\\/en\\\/news-and-blog\\\/arkisto\\\/#breadcrumb\",\"itemListElement\":[{\"@type\":\"ListItem\",\"position\":1,\"name\":\"Home\",\"item\":\"https:\\\/\\\/claro.fi\\\/en\\\/\"},{\"@type\":\"ListItem\",\"position\":2,\"name\":\"NEWS AND BLOG\",\"item\":\"https:\\\/\\\/claro.fi\\\/en\\\/news-and-blog\\\/\"},{\"@type\":\"ListItem\",\"position\":3,\"name\":\"Archive\"}]},{\"@type\":\"WebSite\",\"@id\":\"\\\/#website\",\"url\":\"\\\/\",\"name\":\"Claro Leaders Oy - EN\",\"description\":\"Claro Leaders Oy on erikoistunut hallitus- ja johtoryhm\u00e4ty\u00f6n mittaamiseen ja kehitt\u00e4miseen\",\"potentialAction\":[{\"@type\":\"SearchAction\",\"target\":{\"@type\":\"EntryPoint\",\"urlTemplate\":\"\\\/?s={search_term_string}\"},\"query-input\":{\"@type\":\"PropertyValueSpecification\",\"valueRequired\":true,\"valueName\":\"search_term_string\"}}],\"inLanguage\":\"en-US\"}]}<\/script>\n<!-- \/ Yoast SEO plugin. -->","yoast_head_json":{"title":"Archive - Claro Leaders Oy - EN","robots":{"index":"index","follow":"follow","max-snippet":"max-snippet:-1","max-image-preview":"max-image-preview:large","max-video-preview":"max-video-preview:-1"},"canonical":"https:\/\/claro.fi\/en\/news-and-blog\/arkisto\/","og_locale":"en_US","og_type":"article","og_title":"Archive - Claro Leaders Oy - EN","og_url":"https:\/\/claro.fi\/en\/news-and-blog\/arkisto\/","og_site_name":"Claro Leaders Oy - EN","article_modified_time":"2020-05-24T19:14:09+00:00","og_image":[{"width":1200,"height":630,"url":"https:\/\/claro.fi\/en\/wp-content\/uploads\/sites\/3\/2020\/05\/claro-somejakokuva.png","type":"image\/png"}],"twitter_card":"summary_large_image","schema":{"@context":"https:\/\/schema.org","@graph":[{"@type":"WebPage","@id":"https:\/\/claro.fi\/en\/news-and-blog\/arkisto\/","url":"https:\/\/claro.fi\/en\/news-and-blog\/arkisto\/","name":"Archive - Claro Leaders Oy - EN","isPartOf":{"@id":"\/#website"},"datePublished":"2020-04-15T19:21:47+00:00","dateModified":"2020-05-24T19:14:09+00:00","breadcrumb":{"@id":"https:\/\/claro.fi\/en\/news-and-blog\/arkisto\/#breadcrumb"},"inLanguage":"en-US","potentialAction":[{"@type":"ReadAction","target":["https:\/\/claro.fi\/en\/news-and-blog\/arkisto\/"]}]},{"@type":"BreadcrumbList","@id":"https:\/\/claro.fi\/en\/news-and-blog\/arkisto\/#breadcrumb","itemListElement":[{"@type":"ListItem","position":1,"name":"Home","item":"https:\/\/claro.fi\/en\/"},{"@type":"ListItem","position":2,"name":"NEWS AND BLOG","item":"https:\/\/claro.fi\/en\/news-and-blog\/"},{"@type":"ListItem","position":3,"name":"Archive"}]},{"@type":"WebSite","@id":"\/#website","url":"\/","name":"Claro Leaders Oy - EN","description":"Claro Leaders Oy on erikoistunut hallitus- ja johtoryhm\u00e4ty\u00f6n mittaamiseen ja kehitt\u00e4miseen","potentialAction":[{"@type":"SearchAction","target":{"@type":"EntryPoint","urlTemplate":"\/?s={search_term_string}"},"query-input":{"@type":"PropertyValueSpecification","valueRequired":true,"valueName":"search_term_string"}}],"inLanguage":"en-US"}]}},"uagb_featured_image_src":{"full":false,"thumbnail":false,"medium":false,"medium_large":false,"large":false,"1536x1536":false,"2048x2048":false},"uagb_author_info":{"display_name":"admin","author_link":"https:\/\/claro.fi\/en\/news-and-blog\/author\/admin\/"},"uagb_comment_info":0,"uagb_excerpt":null,"_links":{"self":[{"href":"https:\/\/claro.fi\/en\/wp-json\/wp\/v2\/pages\/417","targetHints":{"allow":["GET"]}}],"collection":[{"href":"https:\/\/claro.fi\/en\/wp-json\/wp\/v2\/pages"}],"about":[{"href":"https:\/\/claro.fi\/en\/wp-json\/wp\/v2\/types\/page"}],"author":[{"embeddable":true,"href":"https:\/\/claro.fi\/en\/wp-json\/wp\/v2\/users\/1"}],"replies":[{"embeddable":true,"href":"https:\/\/claro.fi\/en\/wp-json\/wp\/v2\/comments?post=417"}],"version-history":[{"count":5,"href":"https:\/\/claro.fi\/en\/wp-json\/wp\/v2\/pages\/417\/revisions"}],"predecessor-version":[{"id":1679,"href":"https:\/\/claro.fi\/en\/wp-json\/wp\/v2\/pages\/417\/revisions\/1679"}],"up":[{"embeddable":true,"href":"https:\/\/claro.fi\/en\/wp-json\/wp\/v2\/pages\/29"}],"wp:attachment":[{"href":"https:\/\/claro.fi\/en\/wp-json\/wp\/v2\/media?parent=417"}],"curies":[{"name":"wp","href":"https:\/\/api.w.org\/{rel}","templated":true}]}}