{"id":195,"date":"2020-04-12T19:49:02","date_gmt":"2020-04-12T16:49:02","guid":{"rendered":"https:\/\/claro.fi\/en\/?page_id=195"},"modified":"2020-06-04T11:26:25","modified_gmt":"2020-06-04T08:26:25","slug":"our-people","status":"publish","type":"page","link":"https:\/\/claro.fi\/en\/claro\/our-people\/","title":{"rendered":"OUR PEOPLE"},"content":{"rendered":"\n<hr class=\"wp-block-separator ticss-75667c12\"\/>\n\n\n\n<div class=\"wp-block-group ticss-95d516b7\"><div class=\"wp-block-group__inner-container is-layout-flow wp-block-group-is-layout-flow\">\n<div class=\"wp-block-columns row is-layout-flex wp-container-core-columns-is-layout-9d6595d7 wp-block-columns-is-layout-flex\">\n<div class=\"wp-block-column col-md-12 col-lg-6 col-xl-6 ml-0 ticss-8112b637 is-layout-flow wp-block-column-is-layout-flow\">\n<div class=\"wp-block-media-text alignwide has-background is-stacked-on-mobile is-vertically-aligned-top\" style=\"background-color:#f3f2f1\"><figure class=\"wp-block-media-text__media\"><img loading=\"lazy\" decoding=\"async\" width=\"300\" height=\"376\" src=\"https:\/\/claro.fi\/en\/wp-content\/uploads\/sites\/3\/2020\/04\/mia-riitta-2.jpg\" alt=\"\" class=\"wp-image-272\" srcset=\"https:\/\/claro.fi\/en\/wp-content\/uploads\/sites\/3\/2020\/04\/mia-riitta-2.jpg 300w, https:\/\/claro.fi\/en\/wp-content\/uploads\/sites\/3\/2020\/04\/mia-riitta-2-239x300.jpg 239w\" sizes=\"auto, (max-width: 300px) 100vw, 300px\" \/><\/figure><div class=\"wp-block-media-text__content\">\n<h3 class=\"has-text-color ticss-c30bb226 wp-block-heading\" style=\"color:#4e6c86\">Mia-Riitta Niemi<\/h3>\n\n\n\n<p>CEO, Senior Partner<\/p>\n\n\n\n<p style=\"color:#4e6c86\" class=\"has-text-color\"><a href=\"tel:+358408328523\">+358 40 832 8523<\/a><\/p>\n\n\n\n<p style=\"color:#4e6c86\" class=\"has-text-color\"><a href=\"mailto:mia-riitta.niemi@claro.fi\">mia-riitta.niemi(at)claro.fi<\/a><\/p>\n\n\n\n<div class=\"wp-block-buttons is-layout-flex wp-block-buttons-is-layout-flex\">\n<div class=\"wp-block-button\"><a class=\"wp-block-button__link has-text-color has-background no-border-radius\" href=\"https:\/\/claro.fi\/en\/claro\/our-people\/mia-riitta-niemi\/\" style=\"background-color:#4e6c86;color:#ffffff\">More information<\/a><\/div>\n<\/div>\n\n\n\n<div style=\"height:20px\" aria-hidden=\"true\" class=\"wp-block-spacer\"><\/div>\n<\/div><\/div>\n<\/div>\n\n\n\n<div class=\"wp-block-column col-md-12 col-lg-6 col-xl-6 ml-0 ticss-ec69d4ad is-layout-flow wp-block-column-is-layout-flow\">\n<div class=\"wp-block-media-text alignwide has-background is-stacked-on-mobile is-vertically-aligned-top\" style=\"background-color:#f3f2f1\"><figure class=\"wp-block-media-text__media\"><img loading=\"lazy\" decoding=\"async\" width=\"300\" height=\"375\" src=\"https:\/\/claro.fi\/en\/wp-content\/uploads\/sites\/3\/2020\/05\/martin-profiilikuva-uudelleenrajattu.jpg\" alt=\"\" class=\"wp-image-1224\" srcset=\"https:\/\/claro.fi\/en\/wp-content\/uploads\/sites\/3\/2020\/05\/martin-profiilikuva-uudelleenrajattu.jpg 300w, https:\/\/claro.fi\/en\/wp-content\/uploads\/sites\/3\/2020\/05\/martin-profiilikuva-uudelleenrajattu-240x300.jpg 240w\" sizes=\"auto, (max-width: 300px) 100vw, 300px\" \/><\/figure><div class=\"wp-block-media-text__content\">\n<h3 class=\"has-text-color ticss-0be66f29 wp-block-heading\" style=\"color:#4e6c86\">Martti Tyynismaa<\/h3>\n\n\n\n<p>Senior Consultant<\/p>\n\n\n\n<p style=\"color:#4e6c86\" class=\"has-text-color\"><a href=\"tel:+358405941740\">+358 40 594 1740<\/a><\/p>\n\n\n\n<p style=\"color:#4e6c86\" class=\"has-text-color\"><a href=\"mailto:martti.tyynismaa@claro.fi\">martti.tyynismaa(at)claro.fi<\/a><\/p>\n\n\n\n<div class=\"wp-block-buttons is-layout-flex wp-block-buttons-is-layout-flex\">\n<div class=\"wp-block-button\"><a class=\"wp-block-button__link has-background no-border-radius\" href=\"https:\/\/claro.fi\/en\/claro\/our-people\/martti-tyynismaa\/\" style=\"background-color:#4e6c86\">More information<\/a><\/div>\n<\/div>\n\n\n\n<div style=\"height:20px\" aria-hidden=\"true\" class=\"wp-block-spacer\"><\/div>\n<\/div><\/div>\n<\/div>\n<\/div>\n\n\n\n<div class=\"wp-block-columns row is-layout-flex wp-container-core-columns-is-layout-9d6595d7 wp-block-columns-is-layout-flex\">\n<div class=\"wp-block-column col-md-12 col-lg-6 col-xl-6 ml-0 ticss-8112b637 is-layout-flow wp-block-column-is-layout-flow\">\n<div class=\"wp-block-media-text alignwide has-background is-stacked-on-mobile is-vertically-aligned-top\" style=\"background-color:#f3f2f1\"><figure class=\"wp-block-media-text__media\"><img loading=\"lazy\" decoding=\"async\" width=\"300\" height=\"375\" src=\"https:\/\/claro.fi\/en\/wp-content\/uploads\/sites\/3\/2020\/05\/niklas-profiilikuva.jpg\" alt=\"\" class=\"wp-image-1227\" srcset=\"https:\/\/claro.fi\/en\/wp-content\/uploads\/sites\/3\/2020\/05\/niklas-profiilikuva.jpg 300w, https:\/\/claro.fi\/en\/wp-content\/uploads\/sites\/3\/2020\/05\/niklas-profiilikuva-240x300.jpg 240w\" sizes=\"auto, (max-width: 300px) 100vw, 300px\" \/><\/figure><div class=\"wp-block-media-text__content\">\n<h3 class=\"has-text-color ticss-c30bb226 wp-block-heading\" style=\"color:#4e6c86\">Niklas Ekl\u00f6f<\/h3>\n\n\n\n<p>Senior Consultant<\/p>\n\n\n\n<p style=\"color:#4e6c86\" class=\"has-text-color\"><a href=\"tel:+358509116465\"><\/a><a href=\"tel:+358509116465\">+358 50 911 6465<\/a><\/p>\n\n\n\n<p style=\"color:#4e6c86\" class=\"has-text-color\"><a href=\"mailto:niklas.eklof@claro.fi\/en\"><\/a><a href=\"mailto:niklas.eklof@claro.fi\">niklas.eklof(at)claro.fi<\/a><\/p>\n\n\n\n<div class=\"wp-block-buttons is-layout-flex wp-block-buttons-is-layout-flex\">\n<div class=\"wp-block-button\"><a class=\"wp-block-button__link has-text-color has-background no-border-radius\" href=\"https:\/\/claro.fi\/en\/claro\/our-people\/niklas-eklof\/\" style=\"background-color:#4e6c86;color:#ffffff\">More information<\/a><\/div>\n<\/div>\n\n\n\n<div style=\"height:20px\" aria-hidden=\"true\" class=\"wp-block-spacer\"><\/div>\n<\/div><\/div>\n\n\n\n<p><\/p>\n<\/div>\n\n\n\n<div class=\"wp-block-column col-md-12 col-lg-6 col-xl-6 ml-0 ticss-ec69d4ad is-layout-flow wp-block-column-is-layout-flow\">\n<div class=\"wp-block-media-text alignwide has-background is-stacked-on-mobile is-vertically-aligned-top\" style=\"background-color:#f3f2f1\"><figure class=\"wp-block-media-text__media\"><img loading=\"lazy\" decoding=\"async\" width=\"819\" height=\"1024\" src=\"https:\/\/claro.fi\/en\/wp-content\/uploads\/sites\/3\/2020\/04\/maijankuva-claro-819x1024.jpg\" alt=\"\" class=\"wp-image-299\" srcset=\"https:\/\/claro.fi\/en\/wp-content\/uploads\/sites\/3\/2020\/04\/maijankuva-claro-819x1024.jpg 819w, https:\/\/claro.fi\/en\/wp-content\/uploads\/sites\/3\/2020\/04\/maijankuva-claro-240x300.jpg 240w, https:\/\/claro.fi\/en\/wp-content\/uploads\/sites\/3\/2020\/04\/maijankuva-claro-768x960.jpg 768w, https:\/\/claro.fi\/en\/wp-content\/uploads\/sites\/3\/2020\/04\/maijankuva-claro-1229x1536.jpg 1229w, https:\/\/claro.fi\/en\/wp-content\/uploads\/sites\/3\/2020\/04\/maijankuva-claro-1638x2048.jpg 1638w, https:\/\/claro.fi\/en\/wp-content\/uploads\/sites\/3\/2020\/04\/maijankuva-claro-scaled.jpg 2048w\" sizes=\"auto, (max-width: 819px) 100vw, 819px\" \/><\/figure><div class=\"wp-block-media-text__content\">\n<h3 class=\"has-text-color ticss-0be66f29 wp-block-heading\" style=\"color:#4e6c86\">Eija Holmstr\u00f6m<\/h3>\n\n\n\n<p>Senior Consultant<\/p>\n\n\n\n<p style=\"color:#4e6c86\" class=\"has-text-color\"><a href=\"tel:+358408285496\">+358 40&nbsp;828 5496<\/a><\/p>\n\n\n\n<p style=\"color:#4e6c86\" class=\"has-text-color\"><a href=\"mailto:eija.holmstrom@claro.fi\">eija.holmstrom(at)claro.fi<\/a><\/p>\n\n\n\n<div class=\"wp-block-buttons is-layout-flex wp-block-buttons-is-layout-flex\">\n<div class=\"wp-block-button\"><a class=\"wp-block-button__link has-background no-border-radius\" href=\"https:\/\/claro.fi\/en\/claro\/our-people\/eija-holmstrom\/\" style=\"background-color:#4e6c86\">More information<\/a><\/div>\n<\/div>\n\n\n\n<div style=\"height:20px\" aria-hidden=\"true\" class=\"wp-block-spacer\"><\/div>\n<\/div><\/div>\n<\/div>\n<\/div>\n\n\n\n<div class=\"wp-block-columns row is-layout-flex wp-container-core-columns-is-layout-9d6595d7 wp-block-columns-is-layout-flex\">\n<div class=\"wp-block-column col-md-12 col-lg-6 col-xl-6 ml-0 ticss-8112b637 is-layout-flow wp-block-column-is-layout-flow\">\n<div class=\"wp-block-media-text alignwide has-background is-stacked-on-mobile is-vertically-aligned-top\" style=\"background-color:#f3f2f1\"><figure class=\"wp-block-media-text__media\"><img loading=\"lazy\" decoding=\"async\" width=\"300\" height=\"375\" src=\"https:\/\/claro.fi\/en\/wp-content\/uploads\/sites\/3\/2020\/04\/sirpa-matilainen.jpg\" alt=\"\" class=\"wp-image-285\" srcset=\"https:\/\/claro.fi\/en\/wp-content\/uploads\/sites\/3\/2020\/04\/sirpa-matilainen.jpg 300w, https:\/\/claro.fi\/en\/wp-content\/uploads\/sites\/3\/2020\/04\/sirpa-matilainen-240x300.jpg 240w\" sizes=\"auto, (max-width: 300px) 100vw, 300px\" \/><\/figure><div class=\"wp-block-media-text__content\">\n<h3 class=\"has-text-color ticss-c30bb226 wp-block-heading\" style=\"color:#4e6c86\">Sirpa Matilainen<\/h3>\n\n\n\n<p>Senior Consultant<\/p>\n\n\n\n<p style=\"color:#4e6c86\" class=\"has-text-color\"><a href=\"tel:+358509116465\"><\/a><a href=\"tel:+358452321945\"><\/a><a href=\"tel:+358452321945\">+358 45 232 1945<\/a><\/p>\n\n\n\n<p style=\"color:#4e6c86\" class=\"has-text-color\"><a href=\"mailto:niklas.eklof(at)claro.fi\/en\"><\/a><a href=\"mailto:sirpa.matilainen@claro.fi\/en\"><\/a><a href=\"mailto:sirpa.matilainen@claro.fi\">sirpa.matilainen(at)claro.fi<\/a><\/p>\n\n\n\n<div class=\"wp-block-buttons is-layout-flex wp-block-buttons-is-layout-flex\">\n<div class=\"wp-block-button\"><a class=\"wp-block-button__link has-text-color has-background no-border-radius\" href=\"https:\/\/claro.fi\/en\/claro\/our-people\/sirpa-matilainen-2\/\" style=\"background-color:#4e6c86;color:#ffffff\">More information<\/a><\/div>\n<\/div>\n\n\n\n<div style=\"height:20px\" aria-hidden=\"true\" class=\"wp-block-spacer\"><\/div>\n\n\n\n<p><\/p>\n<\/div><\/div>\n\n\n\n<p><\/p>\n<\/div>\n\n\n\n<div class=\"wp-block-column col-md-12 col-lg-6 col-xl-6 ml-0 ticss-ec69d4ad is-layout-flow wp-block-column-is-layout-flow\">\n<div class=\"wp-block-media-text alignwide has-background is-stacked-on-mobile is-vertically-aligned-top\" style=\"background-color:#f3f2f1\"><figure class=\"wp-block-media-text__media\"><img loading=\"lazy\" decoding=\"async\" width=\"300\" height=\"375\" src=\"https:\/\/claro.fi\/en\/wp-content\/uploads\/sites\/3\/2020\/04\/1579683423_antin.jpg\" alt=\"\" class=\"wp-image-290\" srcset=\"https:\/\/claro.fi\/en\/wp-content\/uploads\/sites\/3\/2020\/04\/1579683423_antin.jpg 300w, https:\/\/claro.fi\/en\/wp-content\/uploads\/sites\/3\/2020\/04\/1579683423_antin-240x300.jpg 240w\" sizes=\"auto, (max-width: 300px) 100vw, 300px\" \/><\/figure><div class=\"wp-block-media-text__content\">\n<h3 class=\"has-text-color ticss-0be66f29 wp-block-heading\" style=\"color:#4e6c86\">Antti Ainamo<\/h3>\n\n\n\n<p>Senior Advisor<\/p>\n\n\n\n<p style=\"color:#4e6c86\" class=\"has-text-color\"><a href=\"tel:+358408445003\"><\/a><a href=\"tel:+358408445003\">+358 40 844 5003<\/a><\/p>\n\n\n\n<p style=\"color:#4e6c86\" class=\"has-text-color\"><a href=\"mailto:antti.ainamo@claro.fi\">antti.ainamo(at)claro.fi<\/a><\/p>\n\n\n\n<div class=\"wp-block-buttons is-layout-flex wp-block-buttons-is-layout-flex\">\n<div class=\"wp-block-button\"><a class=\"wp-block-button__link has-background no-border-radius\" href=\"https:\/\/www.linkedin.com\/in\/anttiainamo\/\" style=\"background-color:#4e6c86\">More information<\/a><\/div>\n<\/div>\n\n\n\n<div style=\"height:20px\" aria-hidden=\"true\" class=\"wp-block-spacer\"><\/div>\n<\/div><\/div>\n<\/div>\n<\/div>\n\n\n\n<div class=\"wp-block-columns row is-layout-flex wp-container-core-columns-is-layout-9d6595d7 wp-block-columns-is-layout-flex\">\n<div class=\"wp-block-column col-md-12 col-lg-6 col-xl-6 ml-0 ticss-8112b637 is-layout-flow wp-block-column-is-layout-flow\">\n<div class=\"wp-block-media-text alignwide has-background is-stacked-on-mobile is-vertically-aligned-top\" style=\"background-color:#f3f2f1\"><figure class=\"wp-block-media-text__media\"><img loading=\"lazy\" decoding=\"async\" width=\"300\" height=\"375\" src=\"https:\/\/claro.fi\/en\/wp-content\/uploads\/sites\/3\/2020\/04\/1579683554_maijan.jpg\" alt=\"\" class=\"wp-image-288\" srcset=\"https:\/\/claro.fi\/en\/wp-content\/uploads\/sites\/3\/2020\/04\/1579683554_maijan.jpg 300w, https:\/\/claro.fi\/en\/wp-content\/uploads\/sites\/3\/2020\/04\/1579683554_maijan-240x300.jpg 240w\" sizes=\"auto, (max-width: 300px) 100vw, 300px\" \/><\/figure><div class=\"wp-block-media-text__content\">\n<h3 class=\"has-text-color ticss-c30bb226 wp-block-heading\" style=\"color:#4e6c86\">Maija Ekl\u00f6f<\/h3>\n\n\n\n<p>Senior Consultant<\/p>\n\n\n\n<p style=\"color:#4e6c86\" class=\"has-text-color\"><a href=\"tel:+358509116465\"><\/a><a href=\"tel:+358452321945\"><\/a><a href=\"tel:+358405171507\"><\/a><a href=\"tel:+358405171507\">+358 40 517 1507<\/a><\/p>\n\n\n\n<p style=\"color:#4e6c86\" class=\"has-text-color\"><a href=\"mailto:maija.eklof@claro.fi\">maija.eklof(at)claro.fi<\/a><\/p>\n\n\n\n<div class=\"wp-block-buttons is-layout-flex wp-block-buttons-is-layout-flex\">\n<div class=\"wp-block-button\"><a class=\"wp-block-button__link has-text-color has-background no-border-radius\" href=\"https:\/\/claro.fi\/en\/claro\/our-people\/maija-eklof\/\" style=\"background-color:#4e6c86;color:#ffffff\">More information<\/a><\/div>\n<\/div>\n\n\n\n<div style=\"height:20px\" aria-hidden=\"true\" class=\"wp-block-spacer\"><\/div>\n<\/div><\/div>\n\n\n\n<p><\/p>\n<\/div>\n\n\n\n<div class=\"wp-block-column col-md-12 col-lg-6 col-xl-6 ml-0 ticss-ec69d4ad is-layout-flow wp-block-column-is-layout-flow\">\n<div class=\"wp-block-media-text alignwide has-background is-stacked-on-mobile is-vertically-aligned-top\" style=\"background-color:#f3f2f1\"><figure class=\"wp-block-media-text__media\"><img loading=\"lazy\" decoding=\"async\" width=\"272\" height=\"340\" src=\"https:\/\/claro.fi\/en\/wp-content\/uploads\/sites\/3\/2020\/04\/sannan-profiilikuva.jpg\" alt=\"\" class=\"wp-image-1005\" srcset=\"https:\/\/claro.fi\/en\/wp-content\/uploads\/sites\/3\/2020\/04\/sannan-profiilikuva.jpg 272w, https:\/\/claro.fi\/en\/wp-content\/uploads\/sites\/3\/2020\/04\/sannan-profiilikuva-240x300.jpg 240w\" sizes=\"auto, (max-width: 272px) 100vw, 272px\" \/><\/figure><div class=\"wp-block-media-text__content\">\n<h3 class=\"has-text-color ticss-0be66f29 wp-block-heading\" style=\"color:#4e6c86\">Sanna Konsti<\/h3>\n\n\n\n<p>Consultant<\/p>\n\n\n\n<p style=\"color:#4e6c86\" class=\"has-text-color\"><a href=\"tel:+358505750028\">+358 50&nbsp;575 0028<\/a><\/p>\n\n\n\n<p style=\"color:#4e6c86\" class=\"has-text-color\"><a href=\"mailto:sanna.konsti@claro.fi\">sanna.konsti(at)claro.fi<\/a><\/p>\n\n\n\n<div class=\"wp-block-buttons is-layout-flex wp-block-buttons-is-layout-flex\">\n<div class=\"wp-block-button\"><a class=\"wp-block-button__link has-background no-border-radius\" href=\"https:\/\/claro.fi\/en\/claro\/our-people\/sanna-konsti\/\" style=\"background-color:#4e6c86\">More information<\/a><\/div>\n<\/div>\n\n\n\n<div style=\"height:20px\" aria-hidden=\"true\" class=\"wp-block-spacer\"><\/div>\n<\/div><\/div>\n<\/div>\n<\/div>\n\n\n\n<div class=\"wp-block-columns row is-layout-flex wp-container-core-columns-is-layout-9d6595d7 wp-block-columns-is-layout-flex\">\n<div class=\"wp-block-column col-md-12 col-lg-6 col-xl-6 ml-0 ticss-8112b637 is-layout-flow wp-block-column-is-layout-flow\">\n<div class=\"wp-block-media-text alignwide has-background is-stacked-on-mobile is-vertically-aligned-top\" style=\"background-color:#f3f2f1\"><figure class=\"wp-block-media-text__media\"><img loading=\"lazy\" decoding=\"async\" width=\"415\" height=\"585\" src=\"https:\/\/claro.fi\/en\/wp-content\/uploads\/sites\/3\/2020\/04\/clarolaiset-Kari.jpg\" alt=\"\" class=\"wp-image-490\" srcset=\"https:\/\/claro.fi\/en\/wp-content\/uploads\/sites\/3\/2020\/04\/clarolaiset-Kari.jpg 415w, https:\/\/claro.fi\/en\/wp-content\/uploads\/sites\/3\/2020\/04\/clarolaiset-Kari-213x300.jpg 213w\" sizes=\"auto, (max-width: 415px) 100vw, 415px\" \/><\/figure><div class=\"wp-block-media-text__content\">\n<h3 class=\"has-text-color ticss-c30bb226 wp-block-heading\" style=\"color:#4e6c86\">Kari Niemi<\/h3>\n\n\n\n<p>Chairman of the Board<\/p>\n\n\n\n<p style=\"color:#4e6c86\" class=\"has-text-color\"><a href=\"tel:+358509116465\"><\/a><a href=\"tel:+358452321945\"><\/a><a href=\"tel:+358405171507\"><\/a><a href=\"tel:+1(469)2370075\"><\/a><a href=\"tel:+358504860508\">+358 50&nbsp;486 0508<\/a><\/p>\n\n\n\n<p style=\"color:#4e6c86\" class=\"has-text-color ticss-f7ac2abe\"><a href=\"mailto:niklas.eklof(at)claro.fi\/en\"><\/a><a href=\"mailto:sirpa.matilainen@claro.fi\/en\"><\/a><a href=\"mailto:eklof.maija@gmail.com\"><\/a><a href=\"mailto:kari.niemi@claro.fi\/en\"><\/a><a href=\"mailto:kari.niemi@claro.fi\">kari.niemi(at)claro.fi<\/a><\/p>\n\n\n\n<div class=\"wp-block-buttons is-layout-flex wp-block-buttons-is-layout-flex\"><\/div>\n\n\n\n<div style=\"height:20px\" aria-hidden=\"true\" class=\"wp-block-spacer\"><\/div>\n<\/div><\/div>\n\n\n\n<p><\/p>\n<\/div>\n\n\n\n<div class=\"wp-block-column col-md-12 col-lg-6 col-xl-6 ml-0 ticss-ec69d4ad is-layout-flow wp-block-column-is-layout-flow\"><\/div>\n<\/div>\n<\/div><\/div>\n\n\n\n<p><\/p>\n","protected":false},"excerpt":{"rendered":"<p>Mia-Riitta Niemi CEO, Senior Partner +358 40 832 8523 mia-riitta.niemi(at)claro.fi Martti Tyynismaa Senior Consultant +358 40 594 1740 martti.tyynismaa(at)claro.fi Niklas Ekl\u00f6f Senior Consultant +358 50 911 6465 niklas.eklof(at)claro.fi Eija Holmstr\u00f6m Senior Consultant +358 40&nbsp;828 5496 eija.holmstrom(at)claro.fi Sirpa Matilainen Senior Consultant +358 45 232 1945 sirpa.matilainen(at)claro.fi Antti Ainamo Senior Advisor +358 40 844 5003 antti.ainamo(at)claro.fi Maija [&hellip;]<\/p>\n","protected":false},"author":1,"featured_media":1809,"parent":13,"menu_order":30,"comment_status":"closed","ping_status":"closed","template":"Normaali-sivupohja.php","meta":{"_acf_changed":false,"_uag_custom_page_level_css":"","footnotes":""},"class_list":["post-195","page","type-page","status-publish","has-post-thumbnail","hentry"],"acf":[],"yoast_head":"<!-- This site is optimized with the Yoast SEO plugin v27.4 - https:\/\/yoast.com\/product\/yoast-seo-wordpress\/ -->\n<title>OUR PEOPLE - Claro Leaders Oy - EN<\/title>\n<meta name=\"robots\" content=\"index, follow, max-snippet:-1, max-image-preview:large, max-video-preview:-1\" \/>\n<link rel=\"canonical\" href=\"https:\/\/claro.fi\/en\/claro\/our-people\/\" \/>\n<meta property=\"og:locale\" content=\"en_US\" \/>\n<meta property=\"og:type\" content=\"article\" \/>\n<meta property=\"og:title\" content=\"OUR PEOPLE - Claro Leaders Oy - EN\" \/>\n<meta property=\"og:description\" content=\"Mia-Riitta Niemi CEO, Senior Partner +358 40 832 8523 mia-riitta.niemi(at)claro.fi Martti Tyynismaa Senior Consultant +358 40 594 1740 martti.tyynismaa(at)claro.fi Niklas Ekl\u00f6f Senior Consultant +358 50 911 6465 niklas.eklof(at)claro.fi Eija Holmstr\u00f6m Senior Consultant +358 40&nbsp;828 5496 eija.holmstrom(at)claro.fi Sirpa Matilainen Senior Consultant +358 45 232 1945 sirpa.matilainen(at)claro.fi Antti Ainamo Senior Advisor +358 40 844 5003 antti.ainamo(at)claro.fi Maija [&hellip;]\" \/>\n<meta property=\"og:url\" content=\"https:\/\/claro.fi\/en\/claro\/our-people\/\" \/>\n<meta property=\"og:site_name\" content=\"Claro Leaders Oy - EN\" \/>\n<meta property=\"article:modified_time\" content=\"2020-06-04T08:26:25+00:00\" \/>\n<meta property=\"og:image\" content=\"https:\/\/claro.fi\/en\/wp-content\/uploads\/sites\/3\/2020\/06\/clarolaiset-isokuva-uusi.jpg\" \/>\n\t<meta property=\"og:image:width\" content=\"1920\" \/>\n\t<meta property=\"og:image:height\" content=\"1080\" \/>\n\t<meta property=\"og:image:type\" content=\"image\/jpeg\" \/>\n<meta name=\"twitter:card\" content=\"summary_large_image\" \/>\n<meta name=\"twitter:label1\" content=\"Est. reading time\" \/>\n\t<meta name=\"twitter:data1\" content=\"1 minute\" \/>\n<script type=\"application\/ld+json\" class=\"yoast-schema-graph\">{\"@context\":\"https:\\\/\\\/schema.org\",\"@graph\":[{\"@type\":\"WebPage\",\"@id\":\"https:\\\/\\\/claro.fi\\\/en\\\/claro\\\/our-people\\\/\",\"url\":\"https:\\\/\\\/claro.fi\\\/en\\\/claro\\\/our-people\\\/\",\"name\":\"OUR PEOPLE - Claro Leaders Oy - EN\",\"isPartOf\":{\"@id\":\"\\\/#website\"},\"primaryImageOfPage\":{\"@id\":\"https:\\\/\\\/claro.fi\\\/en\\\/claro\\\/our-people\\\/#primaryimage\"},\"image\":{\"@id\":\"https:\\\/\\\/claro.fi\\\/en\\\/claro\\\/our-people\\\/#primaryimage\"},\"thumbnailUrl\":\"https:\\\/\\\/claro.fi\\\/en\\\/wp-content\\\/uploads\\\/sites\\\/3\\\/2020\\\/06\\\/clarolaiset-isokuva-uusi.jpg\",\"datePublished\":\"2020-04-12T16:49:02+00:00\",\"dateModified\":\"2020-06-04T08:26:25+00:00\",\"breadcrumb\":{\"@id\":\"https:\\\/\\\/claro.fi\\\/en\\\/claro\\\/our-people\\\/#breadcrumb\"},\"inLanguage\":\"en-US\",\"potentialAction\":[{\"@type\":\"ReadAction\",\"target\":[\"https:\\\/\\\/claro.fi\\\/en\\\/claro\\\/our-people\\\/\"]}]},{\"@type\":\"ImageObject\",\"inLanguage\":\"en-US\",\"@id\":\"https:\\\/\\\/claro.fi\\\/en\\\/claro\\\/our-people\\\/#primaryimage\",\"url\":\"https:\\\/\\\/claro.fi\\\/en\\\/wp-content\\\/uploads\\\/sites\\\/3\\\/2020\\\/06\\\/clarolaiset-isokuva-uusi.jpg\",\"contentUrl\":\"https:\\\/\\\/claro.fi\\\/en\\\/wp-content\\\/uploads\\\/sites\\\/3\\\/2020\\\/06\\\/clarolaiset-isokuva-uusi.jpg\",\"width\":1920,\"height\":1080},{\"@type\":\"BreadcrumbList\",\"@id\":\"https:\\\/\\\/claro.fi\\\/en\\\/claro\\\/our-people\\\/#breadcrumb\",\"itemListElement\":[{\"@type\":\"ListItem\",\"position\":1,\"name\":\"Home\",\"item\":\"https:\\\/\\\/claro.fi\\\/en\\\/\"},{\"@type\":\"ListItem\",\"position\":2,\"name\":\"Claro\",\"item\":\"https:\\\/\\\/claro.fi\\\/en\\\/claro\\\/\"},{\"@type\":\"ListItem\",\"position\":3,\"name\":\"OUR PEOPLE\"}]},{\"@type\":\"WebSite\",\"@id\":\"\\\/#website\",\"url\":\"\\\/\",\"name\":\"Claro Leaders Oy - EN\",\"description\":\"Claro Leaders Oy on erikoistunut hallitus- ja johtoryhm\u00e4ty\u00f6n mittaamiseen ja kehitt\u00e4miseen\",\"potentialAction\":[{\"@type\":\"SearchAction\",\"target\":{\"@type\":\"EntryPoint\",\"urlTemplate\":\"\\\/?s={search_term_string}\"},\"query-input\":{\"@type\":\"PropertyValueSpecification\",\"valueRequired\":true,\"valueName\":\"search_term_string\"}}],\"inLanguage\":\"en-US\"}]}<\/script>\n<!-- \/ Yoast SEO plugin. -->","yoast_head_json":{"title":"OUR PEOPLE - Claro Leaders Oy - EN","robots":{"index":"index","follow":"follow","max-snippet":"max-snippet:-1","max-image-preview":"max-image-preview:large","max-video-preview":"max-video-preview:-1"},"canonical":"https:\/\/claro.fi\/en\/claro\/our-people\/","og_locale":"en_US","og_type":"article","og_title":"OUR PEOPLE - Claro Leaders Oy - EN","og_description":"Mia-Riitta Niemi CEO, Senior Partner +358 40 832 8523 mia-riitta.niemi(at)claro.fi Martti Tyynismaa Senior Consultant +358 40 594 1740 martti.tyynismaa(at)claro.fi Niklas Ekl\u00f6f Senior Consultant +358 50 911 6465 niklas.eklof(at)claro.fi Eija Holmstr\u00f6m Senior Consultant +358 40&nbsp;828 5496 eija.holmstrom(at)claro.fi Sirpa Matilainen Senior Consultant +358 45 232 1945 sirpa.matilainen(at)claro.fi Antti Ainamo Senior Advisor +358 40 844 5003 antti.ainamo(at)claro.fi Maija [&hellip;]","og_url":"https:\/\/claro.fi\/en\/claro\/our-people\/","og_site_name":"Claro Leaders Oy - EN","article_modified_time":"2020-06-04T08:26:25+00:00","og_image":[{"width":1920,"height":1080,"url":"https:\/\/claro.fi\/en\/wp-content\/uploads\/sites\/3\/2020\/06\/clarolaiset-isokuva-uusi.jpg","type":"image\/jpeg"}],"twitter_card":"summary_large_image","twitter_misc":{"Est. reading time":"1 minute"},"schema":{"@context":"https:\/\/schema.org","@graph":[{"@type":"WebPage","@id":"https:\/\/claro.fi\/en\/claro\/our-people\/","url":"https:\/\/claro.fi\/en\/claro\/our-people\/","name":"OUR PEOPLE - Claro Leaders Oy - EN","isPartOf":{"@id":"\/#website"},"primaryImageOfPage":{"@id":"https:\/\/claro.fi\/en\/claro\/our-people\/#primaryimage"},"image":{"@id":"https:\/\/claro.fi\/en\/claro\/our-people\/#primaryimage"},"thumbnailUrl":"https:\/\/claro.fi\/en\/wp-content\/uploads\/sites\/3\/2020\/06\/clarolaiset-isokuva-uusi.jpg","datePublished":"2020-04-12T16:49:02+00:00","dateModified":"2020-06-04T08:26:25+00:00","breadcrumb":{"@id":"https:\/\/claro.fi\/en\/claro\/our-people\/#breadcrumb"},"inLanguage":"en-US","potentialAction":[{"@type":"ReadAction","target":["https:\/\/claro.fi\/en\/claro\/our-people\/"]}]},{"@type":"ImageObject","inLanguage":"en-US","@id":"https:\/\/claro.fi\/en\/claro\/our-people\/#primaryimage","url":"https:\/\/claro.fi\/en\/wp-content\/uploads\/sites\/3\/2020\/06\/clarolaiset-isokuva-uusi.jpg","contentUrl":"https:\/\/claro.fi\/en\/wp-content\/uploads\/sites\/3\/2020\/06\/clarolaiset-isokuva-uusi.jpg","width":1920,"height":1080},{"@type":"BreadcrumbList","@id":"https:\/\/claro.fi\/en\/claro\/our-people\/#breadcrumb","itemListElement":[{"@type":"ListItem","position":1,"name":"Home","item":"https:\/\/claro.fi\/en\/"},{"@type":"ListItem","position":2,"name":"Claro","item":"https:\/\/claro.fi\/en\/claro\/"},{"@type":"ListItem","position":3,"name":"OUR PEOPLE"}]},{"@type":"WebSite","@id":"\/#website","url":"\/","name":"Claro Leaders Oy - EN","description":"Claro Leaders Oy on erikoistunut hallitus- ja johtoryhm\u00e4ty\u00f6n mittaamiseen ja kehitt\u00e4miseen","potentialAction":[{"@type":"SearchAction","target":{"@type":"EntryPoint","urlTemplate":"\/?s={search_term_string}"},"query-input":{"@type":"PropertyValueSpecification","valueRequired":true,"valueName":"search_term_string"}}],"inLanguage":"en-US"}]}},"uagb_featured_image_src":{"full":["https:\/\/claro.fi\/en\/wp-content\/uploads\/sites\/3\/2020\/06\/clarolaiset-isokuva-uusi.jpg",1920,1080,false],"thumbnail":["https:\/\/claro.fi\/en\/wp-content\/uploads\/sites\/3\/2020\/06\/clarolaiset-isokuva-uusi-150x150.jpg",150,150,true],"medium":["https:\/\/claro.fi\/en\/wp-content\/uploads\/sites\/3\/2020\/06\/clarolaiset-isokuva-uusi-300x169.jpg",300,169,true],"medium_large":["https:\/\/claro.fi\/en\/wp-content\/uploads\/sites\/3\/2020\/06\/clarolaiset-isokuva-uusi-768x432.jpg",768,432,true],"large":["https:\/\/claro.fi\/en\/wp-content\/uploads\/sites\/3\/2020\/06\/clarolaiset-isokuva-uusi-1024x576.jpg",1024,576,true],"1536x1536":["https:\/\/claro.fi\/en\/wp-content\/uploads\/sites\/3\/2020\/06\/clarolaiset-isokuva-uusi-1536x864.jpg",1536,864,true],"2048x2048":["https:\/\/claro.fi\/en\/wp-content\/uploads\/sites\/3\/2020\/06\/clarolaiset-isokuva-uusi.jpg",1920,1080,false]},"uagb_author_info":{"display_name":"admin","author_link":"https:\/\/claro.fi\/en\/news-and-blog\/author\/admin\/"},"uagb_comment_info":0,"uagb_excerpt":"Mia-Riitta Niemi CEO, Senior Partner +358 40 832 8523 mia-riitta.niemi(at)claro.fi Martti Tyynismaa Senior Consultant +358 40 594 1740 martti.tyynismaa(at)claro.fi Niklas Ekl\u00f6f Senior Consultant +358 50 911 6465 niklas.eklof(at)claro.fi Eija Holmstr\u00f6m Senior Consultant +358 40&nbsp;828 5496 eija.holmstrom(at)claro.fi Sirpa Matilainen Senior Consultant +358 45 232 1945 sirpa.matilainen(at)claro.fi Antti Ainamo Senior Advisor +358 40 844 5003 antti.ainamo(at)claro.fi Maija&hellip;","_links":{"self":[{"href":"https:\/\/claro.fi\/en\/wp-json\/wp\/v2\/pages\/195","targetHints":{"allow":["GET"]}}],"collection":[{"href":"https:\/\/claro.fi\/en\/wp-json\/wp\/v2\/pages"}],"about":[{"href":"https:\/\/claro.fi\/en\/wp-json\/wp\/v2\/types\/page"}],"author":[{"embeddable":true,"href":"https:\/\/claro.fi\/en\/wp-json\/wp\/v2\/users\/1"}],"replies":[{"embeddable":true,"href":"https:\/\/claro.fi\/en\/wp-json\/wp\/v2\/comments?post=195"}],"version-history":[{"count":51,"href":"https:\/\/claro.fi\/en\/wp-json\/wp\/v2\/pages\/195\/revisions"}],"predecessor-version":[{"id":1810,"href":"https:\/\/claro.fi\/en\/wp-json\/wp\/v2\/pages\/195\/revisions\/1810"}],"up":[{"embeddable":true,"href":"https:\/\/claro.fi\/en\/wp-json\/wp\/v2\/pages\/13"}],"wp:featuredmedia":[{"embeddable":true,"href":"https:\/\/claro.fi\/en\/wp-json\/wp\/v2\/media\/1809"}],"wp:attachment":[{"href":"https:\/\/claro.fi\/en\/wp-json\/wp\/v2\/media?parent=195"}],"curies":[{"name":"wp","href":"https:\/\/api.w.org\/{rel}","templated":true}]}}