{"id":13,"date":"2020-04-08T14:20:23","date_gmt":"2020-04-08T14:20:23","guid":{"rendered":"https:\/\/claro.fi\/en\/?page_id=13"},"modified":"2020-05-23T20:37:40","modified_gmt":"2020-05-23T17:37:40","slug":"claro","status":"publish","type":"page","link":"https:\/\/claro.fi\/en\/claro\/","title":{"rendered":"Claro"},"content":{"rendered":"\n<div style=\"height:40px\" aria-hidden=\"true\" class=\"wp-block-spacer\"><\/div>\n\n\n\n<h2 class=\"has-text-color wp-block-heading\" style=\"color:#0b186b\">Towards an inspiring and effective leadership culture<\/h2>\n\n\n\n<p class=\"ticss-8b74fd1a\">Claro Leaders Ltd\u00a0specializes\u00a0in\u00a0the\u00a0development of leadershipand\u00a0leadership teams. We have a deep passion for clear, strength-based leadership where excitement and inspiration are the keys to succesful business. We at Claro believe\u00a0in\u00a0keeping it simple\u00a0and\u00a0clarifying the essential. Our mission is to help our customers\u00a0clarify\u00a0and\u00a0crystallize their thoughts\u00a0and\u00a0priorities\u00a0in\u00a0all circumstances.\u00a0We help\u00a0our customers\u00a0to create\u00a0an inspiring and effective\u00a0leadership culture.<\/p>\n\n\n\n<div style=\"height:30px\" aria-hidden=\"true\" class=\"wp-block-spacer\"><\/div>\n\n\n\n<hr class=\"wp-block-separator\"\/>\n\n\n\n<div style=\"height:40px\" aria-hidden=\"true\" class=\"wp-block-spacer\"><\/div>\n\n\n\n<div class=\"wp-block-group ticss-68240b31\"><div class=\"wp-block-group__inner-container is-layout-flow wp-block-group-is-layout-flow\">\n<div class=\"wp-block-columns row row-eq-height is-layout-flex wp-container-core-columns-is-layout-9d6595d7 wp-block-columns-is-layout-flex\">\n<div class=\"wp-block-column col-md-6 add-flex-column sama-korkeus ml-0 ticss-ddb34009 is-layout-flow wp-block-column-is-layout-flow\">\n<div style=\"height:30px\" aria-hidden=\"true\" class=\"wp-block-spacer\"><\/div>\n\n\n\n<div class=\"wp-block-cover aligncenter\" style=\"background-image:url(https:\/\/claro.fi\/en\/wp-content\/uploads\/sites\/3\/2020\/04\/claro-miia-riitta-hypp\u00e4\u00e4.jpg);background-position:46% 6%;min-height:570px;aspect-ratio:unset;\"><div class=\"wp-block-cover__inner-container is-layout-flow wp-block-cover-is-layout-flow\">\n<p class=\"has-text-align-center has-large-font-size\"><\/p>\n<\/div><\/div>\n<\/div>\n\n\n\n<div class=\"wp-block-column is-vertically-aligned-top col-md-6 sama-korkeus ml-0 add-flex-column ticss-2f7608b7 is-layout-flow wp-block-column-is-layout-flow\">\n<h2 class=\"has-text-color has-text-align-right ticss-5b382a97 wp-block-heading\" style=\"color:#0b186b\"><strong>For the LOVE<\/strong>\u00a0of great Leadership<\/h2>\n\n\n\n<div class=\"wp-block-group ticss-e8f20e25\"><div class=\"wp-block-group__inner-container is-layout-flow wp-block-group-is-layout-flow\">\n<p class=\"has-text-align-right\">Claro Leaders was born&nbsp;in&nbsp;July 2010 <br> out of the desire to improve leadership and management team performance by experienced consultants who themselves have strong leadership and management team experience.&nbsp;&nbsp;<\/p>\n<\/div><\/div>\n\n\n\n<div class=\"wp-block-group ticss-ec020db2\"><div class=\"wp-block-group__inner-container is-layout-flow wp-block-group-is-layout-flow\">\n<p class=\"has-text-align-right\">Claro focuses on serving companies and organizations who are dedicated to gaining competitive advantage by great leadership. Claro\u00b4s recipe for success is\u00a0in\u00a0simplifying and clarifying the essentials\u00a0in\u00a0strategy, management \/ leadership model or process of change.\u00a0<\/p>\n<\/div><\/div>\n\n\n\n<div class=\"wp-block-group ticss-e9a7c8ac\"><div class=\"wp-block-group__inner-container is-layout-flow wp-block-group-is-layout-flow\">\n<p class=\"has-text-align-right\">There are many different isms\u00a0in\u00a0leadership. Claro\u00b4s vision is to develop Finnish leadership and leaders to become the best\u00a0in\u00a0the world.<\/p>\n<\/div><\/div>\n<\/div>\n<\/div>\n\n\n\n<style>.container-page-content .wp-block-columns.has-background {padding: 0px;} @media (max-width: 781px) and (min-width: 600px) {\n\t.wp-block-column {\n\t\tflex-basis: inherit!important;}}<\/style>\n<\/div><\/div>\n\n\n\n<div style=\"height:30px\" aria-hidden=\"true\" class=\"wp-block-spacer\"><\/div>\n","protected":false},"excerpt":{"rendered":"<p>Towards an inspiring and effective leadership culture Claro Leaders Ltd\u00a0specializes\u00a0in\u00a0the\u00a0development of leadershipand\u00a0leadership teams. We have a deep passion for clear, strength-based leadership where excitement and inspiration are the keys to succesful business. We at Claro believe\u00a0in\u00a0keeping it simple\u00a0and\u00a0clarifying the essential. Our mission is to help our customers\u00a0clarify\u00a0and\u00a0crystallize their thoughts\u00a0and\u00a0priorities\u00a0in\u00a0all circumstances.\u00a0We help\u00a0our customers\u00a0to create\u00a0an inspiring and [&hellip;]<\/p>\n","protected":false},"author":1,"featured_media":877,"parent":0,"menu_order":0,"comment_status":"closed","ping_status":"closed","template":"keskitetty-sisalto-sivupohja.php","meta":{"_acf_changed":false,"_uag_custom_page_level_css":"","footnotes":""},"class_list":["post-13","page","type-page","status-publish","has-post-thumbnail","hentry"],"acf":[],"yoast_head":"<!-- This site is optimized with the Yoast SEO plugin v27.4 - https:\/\/yoast.com\/product\/yoast-seo-wordpress\/ -->\n<title>Claro - Claro Leaders Oy - EN<\/title>\n<meta name=\"description\" content=\"Claro Leaders on erikoistunut johtamisen ja johtoryhm\u00e4ty\u00f6n arviointiin ja kehitt\u00e4miseen. Me mittaamme johtamista ja mittaamme johtoryhm\u00e4ty\u00f6skentely\u00e4. Autamme kirkastamaan oleellisen coachingin tai johtoryhm\u00e4valmennuksen avulla.\" \/>\n<meta name=\"robots\" content=\"index, follow, max-snippet:-1, max-image-preview:large, max-video-preview:-1\" \/>\n<link rel=\"canonical\" href=\"https:\/\/claro.fi\/en\/claro\/\" \/>\n<meta property=\"og:locale\" content=\"en_US\" \/>\n<meta property=\"og:type\" content=\"article\" \/>\n<meta property=\"og:title\" content=\"Claro - Claro Leaders Oy\" \/>\n<meta property=\"og:description\" content=\"Claro Leaders on erikoistunut johtamisen ja johtoryhm\u00e4ty\u00f6n arviointiin ja kehitt\u00e4miseen. Me mittaamme johtamista ja mittaamme johtoryhm\u00e4ty\u00f6skentely\u00e4. Autamme kirkastamaan oleellisen coachingin tai johtoryhm\u00e4valmennuksen avulla.\" \/>\n<meta property=\"og:url\" content=\"https:\/\/claro.fi\/en\/claro\/\" \/>\n<meta property=\"og:site_name\" content=\"Claro Leaders Oy - EN\" \/>\n<meta property=\"article:modified_time\" content=\"2020-05-23T17:37:40+00:00\" \/>\n<meta property=\"og:image\" content=\"https:\/\/claro.fi\/en\/wp-content\/uploads\/sites\/3\/2020\/05\/claro-somejakokuva.png\" \/>\n\t<meta property=\"og:image:width\" content=\"1200\" \/>\n\t<meta property=\"og:image:height\" content=\"630\" \/>\n\t<meta property=\"og:image:type\" content=\"image\/png\" \/>\n<meta name=\"twitter:card\" content=\"summary_large_image\" \/>\n<meta name=\"twitter:title\" content=\"Claro - Claro Leaders Oy\" \/>\n<meta name=\"twitter:description\" content=\"Claro Leaders on erikoistunut johtamisen ja johtoryhm\u00e4ty\u00f6n arviointiin ja kehitt\u00e4miseen. Me mittaamme johtamista ja mittaamme johtoryhm\u00e4ty\u00f6skentely\u00e4. Autamme kirkastamaan oleellisen coachingin tai johtoryhm\u00e4valmennuksen avulla.\" \/>\n<meta name=\"twitter:image\" content=\"https:\/\/claro.fi\/en\/wp-content\/uploads\/sites\/3\/2020\/05\/claro-somejakokuva.png\" \/>\n<meta name=\"twitter:label1\" content=\"Est. reading time\" \/>\n\t<meta name=\"twitter:data1\" content=\"1 minute\" \/>\n<script type=\"application\/ld+json\" class=\"yoast-schema-graph\">{\"@context\":\"https:\\\/\\\/schema.org\",\"@graph\":[{\"@type\":\"WebPage\",\"@id\":\"https:\\\/\\\/claro.fi\\\/en\\\/claro\\\/\",\"url\":\"https:\\\/\\\/claro.fi\\\/en\\\/claro\\\/\",\"name\":\"Claro - Claro Leaders Oy - EN\",\"isPartOf\":{\"@id\":\"\\\/#website\"},\"primaryImageOfPage\":{\"@id\":\"https:\\\/\\\/claro.fi\\\/en\\\/claro\\\/#primaryimage\"},\"image\":{\"@id\":\"https:\\\/\\\/claro.fi\\\/en\\\/claro\\\/#primaryimage\"},\"thumbnailUrl\":\"https:\\\/\\\/claro.fi\\\/en\\\/wp-content\\\/uploads\\\/sites\\\/3\\\/2020\\\/04\\\/Claro-paakuva.jpg\",\"datePublished\":\"2020-04-08T14:20:23+00:00\",\"dateModified\":\"2020-05-23T17:37:40+00:00\",\"description\":\"Claro Leaders on erikoistunut johtamisen ja johtoryhm\u00e4ty\u00f6n arviointiin ja kehitt\u00e4miseen. Me mittaamme johtamista ja mittaamme johtoryhm\u00e4ty\u00f6skentely\u00e4. Autamme kirkastamaan oleellisen coachingin tai johtoryhm\u00e4valmennuksen avulla.\",\"breadcrumb\":{\"@id\":\"https:\\\/\\\/claro.fi\\\/en\\\/claro\\\/#breadcrumb\"},\"inLanguage\":\"en-US\",\"potentialAction\":[{\"@type\":\"ReadAction\",\"target\":[\"https:\\\/\\\/claro.fi\\\/en\\\/claro\\\/\"]}]},{\"@type\":\"ImageObject\",\"inLanguage\":\"en-US\",\"@id\":\"https:\\\/\\\/claro.fi\\\/en\\\/claro\\\/#primaryimage\",\"url\":\"https:\\\/\\\/claro.fi\\\/en\\\/wp-content\\\/uploads\\\/sites\\\/3\\\/2020\\\/04\\\/Claro-paakuva.jpg\",\"contentUrl\":\"https:\\\/\\\/claro.fi\\\/en\\\/wp-content\\\/uploads\\\/sites\\\/3\\\/2020\\\/04\\\/Claro-paakuva.jpg\",\"width\":926,\"height\":600},{\"@type\":\"BreadcrumbList\",\"@id\":\"https:\\\/\\\/claro.fi\\\/en\\\/claro\\\/#breadcrumb\",\"itemListElement\":[{\"@type\":\"ListItem\",\"position\":1,\"name\":\"Home\",\"item\":\"https:\\\/\\\/claro.fi\\\/en\\\/\"},{\"@type\":\"ListItem\",\"position\":2,\"name\":\"Claro\"}]},{\"@type\":\"WebSite\",\"@id\":\"\\\/#website\",\"url\":\"\\\/\",\"name\":\"Claro Leaders Oy - EN\",\"description\":\"Claro Leaders Oy on erikoistunut hallitus- ja johtoryhm\u00e4ty\u00f6n mittaamiseen ja kehitt\u00e4miseen\",\"potentialAction\":[{\"@type\":\"SearchAction\",\"target\":{\"@type\":\"EntryPoint\",\"urlTemplate\":\"\\\/?s={search_term_string}\"},\"query-input\":{\"@type\":\"PropertyValueSpecification\",\"valueRequired\":true,\"valueName\":\"search_term_string\"}}],\"inLanguage\":\"en-US\"}]}<\/script>\n<!-- \/ Yoast SEO plugin. -->","yoast_head_json":{"title":"Claro - Claro Leaders Oy - EN","description":"Claro Leaders on erikoistunut johtamisen ja johtoryhm\u00e4ty\u00f6n arviointiin ja kehitt\u00e4miseen. Me mittaamme johtamista ja mittaamme johtoryhm\u00e4ty\u00f6skentely\u00e4. Autamme kirkastamaan oleellisen coachingin tai johtoryhm\u00e4valmennuksen avulla.","robots":{"index":"index","follow":"follow","max-snippet":"max-snippet:-1","max-image-preview":"max-image-preview:large","max-video-preview":"max-video-preview:-1"},"canonical":"https:\/\/claro.fi\/en\/claro\/","og_locale":"en_US","og_type":"article","og_title":"Claro - Claro Leaders Oy","og_description":"Claro Leaders on erikoistunut johtamisen ja johtoryhm\u00e4ty\u00f6n arviointiin ja kehitt\u00e4miseen. Me mittaamme johtamista ja mittaamme johtoryhm\u00e4ty\u00f6skentely\u00e4. Autamme kirkastamaan oleellisen coachingin tai johtoryhm\u00e4valmennuksen avulla.","og_url":"https:\/\/claro.fi\/en\/claro\/","og_site_name":"Claro Leaders Oy - EN","article_modified_time":"2020-05-23T17:37:40+00:00","og_image":[{"width":1200,"height":630,"url":"https:\/\/claro.fi\/en\/wp-content\/uploads\/sites\/3\/2020\/05\/claro-somejakokuva.png","type":"image\/png"}],"twitter_card":"summary_large_image","twitter_title":"Claro - Claro Leaders Oy","twitter_description":"Claro Leaders on erikoistunut johtamisen ja johtoryhm\u00e4ty\u00f6n arviointiin ja kehitt\u00e4miseen. Me mittaamme johtamista ja mittaamme johtoryhm\u00e4ty\u00f6skentely\u00e4. Autamme kirkastamaan oleellisen coachingin tai johtoryhm\u00e4valmennuksen avulla.","twitter_image":"https:\/\/claro.fi\/en\/wp-content\/uploads\/sites\/3\/2020\/05\/claro-somejakokuva.png","twitter_misc":{"Est. reading time":"1 minute"},"schema":{"@context":"https:\/\/schema.org","@graph":[{"@type":"WebPage","@id":"https:\/\/claro.fi\/en\/claro\/","url":"https:\/\/claro.fi\/en\/claro\/","name":"Claro - Claro Leaders Oy - EN","isPartOf":{"@id":"\/#website"},"primaryImageOfPage":{"@id":"https:\/\/claro.fi\/en\/claro\/#primaryimage"},"image":{"@id":"https:\/\/claro.fi\/en\/claro\/#primaryimage"},"thumbnailUrl":"https:\/\/claro.fi\/en\/wp-content\/uploads\/sites\/3\/2020\/04\/Claro-paakuva.jpg","datePublished":"2020-04-08T14:20:23+00:00","dateModified":"2020-05-23T17:37:40+00:00","description":"Claro Leaders on erikoistunut johtamisen ja johtoryhm\u00e4ty\u00f6n arviointiin ja kehitt\u00e4miseen. Me mittaamme johtamista ja mittaamme johtoryhm\u00e4ty\u00f6skentely\u00e4. Autamme kirkastamaan oleellisen coachingin tai johtoryhm\u00e4valmennuksen avulla.","breadcrumb":{"@id":"https:\/\/claro.fi\/en\/claro\/#breadcrumb"},"inLanguage":"en-US","potentialAction":[{"@type":"ReadAction","target":["https:\/\/claro.fi\/en\/claro\/"]}]},{"@type":"ImageObject","inLanguage":"en-US","@id":"https:\/\/claro.fi\/en\/claro\/#primaryimage","url":"https:\/\/claro.fi\/en\/wp-content\/uploads\/sites\/3\/2020\/04\/Claro-paakuva.jpg","contentUrl":"https:\/\/claro.fi\/en\/wp-content\/uploads\/sites\/3\/2020\/04\/Claro-paakuva.jpg","width":926,"height":600},{"@type":"BreadcrumbList","@id":"https:\/\/claro.fi\/en\/claro\/#breadcrumb","itemListElement":[{"@type":"ListItem","position":1,"name":"Home","item":"https:\/\/claro.fi\/en\/"},{"@type":"ListItem","position":2,"name":"Claro"}]},{"@type":"WebSite","@id":"\/#website","url":"\/","name":"Claro Leaders Oy - EN","description":"Claro Leaders Oy on erikoistunut hallitus- ja johtoryhm\u00e4ty\u00f6n mittaamiseen ja kehitt\u00e4miseen","potentialAction":[{"@type":"SearchAction","target":{"@type":"EntryPoint","urlTemplate":"\/?s={search_term_string}"},"query-input":{"@type":"PropertyValueSpecification","valueRequired":true,"valueName":"search_term_string"}}],"inLanguage":"en-US"}]}},"uagb_featured_image_src":{"full":["https:\/\/claro.fi\/en\/wp-content\/uploads\/sites\/3\/2020\/04\/Claro-paakuva.jpg",926,600,false],"thumbnail":["https:\/\/claro.fi\/en\/wp-content\/uploads\/sites\/3\/2020\/04\/Claro-paakuva-150x150.jpg",150,150,true],"medium":["https:\/\/claro.fi\/en\/wp-content\/uploads\/sites\/3\/2020\/04\/Claro-paakuva-300x194.jpg",300,194,true],"medium_large":["https:\/\/claro.fi\/en\/wp-content\/uploads\/sites\/3\/2020\/04\/Claro-paakuva-768x498.jpg",768,498,true],"large":["https:\/\/claro.fi\/en\/wp-content\/uploads\/sites\/3\/2020\/04\/Claro-paakuva.jpg",926,600,false],"1536x1536":["https:\/\/claro.fi\/en\/wp-content\/uploads\/sites\/3\/2020\/04\/Claro-paakuva.jpg",926,600,false],"2048x2048":["https:\/\/claro.fi\/en\/wp-content\/uploads\/sites\/3\/2020\/04\/Claro-paakuva.jpg",926,600,false]},"uagb_author_info":{"display_name":"admin","author_link":"https:\/\/claro.fi\/en\/news-and-blog\/author\/admin\/"},"uagb_comment_info":0,"uagb_excerpt":"Towards an inspiring and effective leadership culture Claro Leaders Ltd\u00a0specializes\u00a0in\u00a0the\u00a0development of leadershipand\u00a0leadership teams. We have a deep passion for clear, strength-based leadership where excitement and inspiration are the keys to succesful business. We at Claro believe\u00a0in\u00a0keeping it simple\u00a0and\u00a0clarifying the essential. Our mission is to help our customers\u00a0clarify\u00a0and\u00a0crystallize their thoughts\u00a0and\u00a0priorities\u00a0in\u00a0all circumstances.\u00a0We help\u00a0our customers\u00a0to create\u00a0an inspiring and&hellip;","_links":{"self":[{"href":"https:\/\/claro.fi\/en\/wp-json\/wp\/v2\/pages\/13","targetHints":{"allow":["GET"]}}],"collection":[{"href":"https:\/\/claro.fi\/en\/wp-json\/wp\/v2\/pages"}],"about":[{"href":"https:\/\/claro.fi\/en\/wp-json\/wp\/v2\/types\/page"}],"author":[{"embeddable":true,"href":"https:\/\/claro.fi\/en\/wp-json\/wp\/v2\/users\/1"}],"replies":[{"embeddable":true,"href":"https:\/\/claro.fi\/en\/wp-json\/wp\/v2\/comments?post=13"}],"version-history":[{"count":22,"href":"https:\/\/claro.fi\/en\/wp-json\/wp\/v2\/pages\/13\/revisions"}],"predecessor-version":[{"id":1620,"href":"https:\/\/claro.fi\/en\/wp-json\/wp\/v2\/pages\/13\/revisions\/1620"}],"wp:featuredmedia":[{"embeddable":true,"href":"https:\/\/claro.fi\/en\/wp-json\/wp\/v2\/media\/877"}],"wp:attachment":[{"href":"https:\/\/claro.fi\/en\/wp-json\/wp\/v2\/media?parent=13"}],"curies":[{"name":"wp","href":"https:\/\/api.w.org\/{rel}","templated":true}]}}